{"id":14,"date":"2023-05-18T19:41:37","date_gmt":"2023-05-18T19:41:37","guid":{"rendered":"https:\/\/egea.ee\/wordpress\/?page_id=14"},"modified":"2023-08-27T15:06:16","modified_gmt":"2023-08-27T12:06:16","slug":"uudised-ja-blogi","status":"publish","type":"page","link":"https:\/\/egea.ee\/wordpress\/uudised-ja-blogi\/","title":{"rendered":"Uudised ja blogi"},"content":{"rendered":"\t\t<div data-elementor-type=\"wp-page\" data-elementor-id=\"14\" class=\"elementor elementor-14\" data-elementor-post-type=\"page\">\n\t\t\t\t\t\t<section class=\"elementor-section elementor-top-section elementor-element elementor-element-c518ce7 elementor-section-boxed elementor-section-height-default elementor-section-height-default\" data-id=\"c518ce7\" data-element_type=\"section\" data-settings=\"{&quot;background_background&quot;:&quot;classic&quot;}\">\n\t\t\t\t\t\t<div class=\"elementor-container elementor-column-gap-default\">\n\t\t\t\t\t<div class=\"elementor-column elementor-col-100 elementor-top-column elementor-element elementor-element-8d61d55\" data-id=\"8d61d55\" data-element_type=\"column\">\n\t\t\t<div class=\"elementor-widget-wrap elementor-element-populated\">\n\t\t\t\t\t\t<div class=\"elementor-element elementor-element-5c9f7a2 elementor-widget elementor-widget-heading\" data-id=\"5c9f7a2\" data-element_type=\"widget\" data-widget_type=\"heading.default\">\n\t\t\t\t<div class=\"elementor-widget-container\">\n\t\t\t<style>\/*! elementor - v3.23.0 - 05-08-2024 *\/\n.elementor-heading-title{padding:0;margin:0;line-height:1}.elementor-widget-heading .elementor-heading-title[class*=elementor-size-]>a{color:inherit;font-size:inherit;line-height:inherit}.elementor-widget-heading .elementor-heading-title.elementor-size-small{font-size:15px}.elementor-widget-heading .elementor-heading-title.elementor-size-medium{font-size:19px}.elementor-widget-heading .elementor-heading-title.elementor-size-large{font-size:29px}.elementor-widget-heading .elementor-heading-title.elementor-size-xl{font-size:39px}.elementor-widget-heading .elementor-heading-title.elementor-size-xxl{font-size:59px}<\/style><h3 class=\"elementor-heading-title elementor-size-default\">Uudised ja blogi<\/h3>\t\t<\/div>\n\t\t\t\t<\/div>\n\t\t\t\t\t<\/div>\n\t\t<\/div>\n\t\t\t\t\t<\/div>\n\t\t<\/section>\n\t\t\t\t<section class=\"elementor-section elementor-top-section elementor-element elementor-element-f80ce0a elementor-hidden-desktop elementor-hidden-tablet elementor-section-boxed elementor-section-height-default elementor-section-height-default\" data-id=\"f80ce0a\" data-element_type=\"section\">\n\t\t\t\t\t\t<div class=\"elementor-container elementor-column-gap-default\">\n\t\t\t\t\t<div class=\"elementor-column elementor-col-66 elementor-top-column elementor-element elementor-element-9ea6aec\" data-id=\"9ea6aec\" data-element_type=\"column\">\n\t\t\t<div class=\"elementor-widget-wrap elementor-element-populated\">\n\t\t\t\t\t\t<div class=\"elementor-element elementor-element-0e1c0cd elementor-search-form--skin-minimal elementor-widget-tablet__width-initial elementor-widget-mobile__width-initial elementor-widget elementor-widget-search-form\" data-id=\"0e1c0cd\" data-element_type=\"widget\" data-settings=\"{&quot;skin&quot;:&quot;minimal&quot;}\" data-widget_type=\"search-form.default\">\n\t\t\t\t<div class=\"elementor-widget-container\">\n\t\t\t<link rel=\"stylesheet\" href=\"https:\/\/egea.ee\/wordpress\/wp-content\/plugins\/elementor-pro\/assets\/css\/widget-theme-elements.min.css?ver=1725270151\">\t\t<search role=\"search\">\n\t\t\t<form class=\"elementor-search-form\" action=\"https:\/\/egea.ee\/wordpress\" method=\"get\">\n\t\t\t\t\t\t\t\t\t\t\t\t<div class=\"elementor-search-form__container\">\n\t\t\t\t\t<label class=\"elementor-screen-only\" for=\"elementor-search-form-0e1c0cd\">Search<\/label>\n\n\t\t\t\t\t\t\t\t\t\t\t<div class=\"elementor-search-form__icon\">\n\t\t\t\t\t\t\t<i aria-hidden=\"true\" class=\"fas fa-search\"><\/i>\t\t\t\t\t\t\t<span class=\"elementor-screen-only\">Search<\/span>\n\t\t\t\t\t\t<\/div>\n\t\t\t\t\t\n\t\t\t\t\t<input id=\"elementor-search-form-0e1c0cd\" placeholder=\"Uudised ja blogi\" class=\"elementor-search-form__input\" type=\"search\" name=\"s\" value=\"\">\n\t\t\t\t\t\n\t\t\t\t\t\n\t\t\t\t\t\t\t\t\t<\/div>\n\t\t\t<\/form>\n\t\t<\/search>\n\t\t\t\t<\/div>\n\t\t\t\t<\/div>\n\t\t\t\t<div class=\"elementor-element elementor-element-bd47b7f elementor-widget__width-initial elementor-widget-tablet__width-initial elementor-widget-mobile__width-initial elementor-nav-menu__text-align-aside elementor-nav-menu--toggle elementor-nav-menu--burger elementor-widget elementor-widget-nav-menu\" data-id=\"bd47b7f\" data-element_type=\"widget\" data-settings=\"{&quot;layout&quot;:&quot;dropdown&quot;,&quot;submenu_icon&quot;:{&quot;value&quot;:&quot;&lt;i class=\\&quot;fas fa-caret-down\\&quot;&gt;&lt;\\\/i&gt;&quot;,&quot;library&quot;:&quot;fa-solid&quot;},&quot;toggle&quot;:&quot;burger&quot;}\" data-widget_type=\"nav-menu.default\">\n\t\t\t\t<div class=\"elementor-widget-container\">\n\t\t\t<link rel=\"stylesheet\" href=\"https:\/\/egea.ee\/wordpress\/wp-content\/plugins\/elementor-pro\/assets\/css\/widget-nav-menu.min.css?ver=1725270151\">\t\t<div class=\"elementor-menu-toggle\" role=\"button\" tabindex=\"0\" aria-label=\"Menu Toggle\" aria-expanded=\"false\">\n\t\t\t<i aria-hidden=\"true\" role=\"presentation\" class=\"elementor-menu-toggle__icon--open eicon-menu-bar\"><\/i><i aria-hidden=\"true\" role=\"presentation\" class=\"elementor-menu-toggle__icon--close eicon-close\"><\/i>\t\t\t<span class=\"elementor-screen-only\">Menu<\/span>\n\t\t<\/div>\n\t\t\t\t\t<nav class=\"elementor-nav-menu--dropdown elementor-nav-menu__container\" aria-hidden=\"true\">\n\t\t\t\t<ul id=\"menu-2-bd47b7f\" class=\"elementor-nav-menu\"><li class=\"menu-item menu-item-type-post_type menu-item-object-page menu-item-4371\"><a href=\"https:\/\/egea.ee\/wordpress\/koik\/\" class=\"elementor-item menu-link\" tabindex=\"-1\">K\u00f5ik<\/a><\/li>\n<li class=\"menu-item menu-item-type-taxonomy menu-item-object-category menu-item-4276\"><a href=\"https:\/\/egea.ee\/wordpress\/category\/uritused\/\" class=\"elementor-item menu-link\" tabindex=\"-1\">\u00dcritused<\/a><\/li>\n<li class=\"menu-item menu-item-type-taxonomy menu-item-object-category menu-item-4277\"><a href=\"https:\/\/egea.ee\/wordpress\/category\/lahe-geograafiatund\/\" class=\"elementor-item menu-link\" tabindex=\"-1\">Lahe geograafiatund<\/a><\/li>\n<li class=\"menu-item menu-item-type-taxonomy menu-item-object-category menu-item-4278\"><a href=\"https:\/\/egea.ee\/wordpress\/category\/vahetus\/\" class=\"elementor-item menu-link\" tabindex=\"-1\">Vahetus<\/a><\/li>\n<li class=\"menu-item menu-item-type-taxonomy menu-item-object-category menu-item-4280\"><a href=\"https:\/\/egea.ee\/wordpress\/category\/matk\/\" class=\"elementor-item menu-link\" tabindex=\"-1\">Matk<\/a><\/li>\n<li class=\"menu-item menu-item-type-taxonomy menu-item-object-category menu-item-4281\"><a href=\"https:\/\/egea.ee\/wordpress\/category\/kongress\/\" class=\"elementor-item menu-link\" tabindex=\"-1\">Kongress<\/a><\/li>\n<li class=\"menu-item menu-item-type-taxonomy menu-item-object-category menu-item-4282\"><a href=\"https:\/\/egea.ee\/wordpress\/category\/kogemuslugu\/\" class=\"elementor-item menu-link\" tabindex=\"-1\">Kogemuslugu<\/a><\/li>\n<\/ul>\t\t\t<\/nav>\n\t\t\t\t<\/div>\n\t\t\t\t<\/div>\n\t\t\t\t\t<\/div>\n\t\t<\/div>\n\t\t\t\t<div class=\"elementor-column elementor-col-33 elementor-top-column elementor-element elementor-element-4b2dc9b\" data-id=\"4b2dc9b\" data-element_type=\"column\">\n\t\t\t<div class=\"elementor-widget-wrap\">\n\t\t\t\t\t\t\t<\/div>\n\t\t<\/div>\n\t\t\t\t\t<\/div>\n\t\t<\/section>\n\t\t\t\t<section class=\"elementor-section elementor-top-section elementor-element elementor-element-27b6d5b elementor-hidden-desktop elementor-hidden-mobile elementor-section-boxed elementor-section-height-default elementor-section-height-default\" data-id=\"27b6d5b\" data-element_type=\"section\">\n\t\t\t\t\t\t<div class=\"elementor-container elementor-column-gap-default\">\n\t\t\t\t\t<div class=\"elementor-column elementor-col-50 elementor-top-column elementor-element elementor-element-6296cf5\" data-id=\"6296cf5\" data-element_type=\"column\">\n\t\t\t<div class=\"elementor-widget-wrap elementor-element-populated\">\n\t\t\t\t\t\t<div class=\"elementor-element elementor-element-07e94c8 elementor-search-form--skin-minimal elementor-widget-tablet__width-initial elementor-widget elementor-widget-search-form\" data-id=\"07e94c8\" data-element_type=\"widget\" data-settings=\"{&quot;skin&quot;:&quot;minimal&quot;}\" data-widget_type=\"search-form.default\">\n\t\t\t\t<div class=\"elementor-widget-container\">\n\t\t\t\t\t<search role=\"search\">\n\t\t\t<form class=\"elementor-search-form\" action=\"https:\/\/egea.ee\/wordpress\" method=\"get\">\n\t\t\t\t\t\t\t\t\t\t\t\t<div class=\"elementor-search-form__container\">\n\t\t\t\t\t<label class=\"elementor-screen-only\" for=\"elementor-search-form-07e94c8\">Search<\/label>\n\n\t\t\t\t\t\t\t\t\t\t\t<div class=\"elementor-search-form__icon\">\n\t\t\t\t\t\t\t<i aria-hidden=\"true\" class=\"fas fa-search\"><\/i>\t\t\t\t\t\t\t<span class=\"elementor-screen-only\">Search<\/span>\n\t\t\t\t\t\t<\/div>\n\t\t\t\t\t\n\t\t\t\t\t<input id=\"elementor-search-form-07e94c8\" placeholder=\"Uudised ja blogi\" class=\"elementor-search-form__input\" type=\"search\" name=\"s\" value=\"\">\n\t\t\t\t\t\n\t\t\t\t\t\n\t\t\t\t\t\t\t\t\t<\/div>\n\t\t\t<\/form>\n\t\t<\/search>\n\t\t\t\t<\/div>\n\t\t\t\t<\/div>\n\t\t\t\t\t<\/div>\n\t\t<\/div>\n\t\t\t\t<div class=\"elementor-column elementor-col-50 elementor-top-column elementor-element elementor-element-c54c534\" data-id=\"c54c534\" data-element_type=\"column\">\n\t\t\t<div class=\"elementor-widget-wrap elementor-element-populated\">\n\t\t\t\t\t\t<div class=\"elementor-element elementor-element-03550b8 elementor-widget__width-inherit elementor-widget-tablet__width-initial elementor-nav-menu__text-align-aside elementor-nav-menu--toggle elementor-nav-menu--burger elementor-widget elementor-widget-nav-menu\" data-id=\"03550b8\" data-element_type=\"widget\" data-settings=\"{&quot;layout&quot;:&quot;dropdown&quot;,&quot;submenu_icon&quot;:{&quot;value&quot;:&quot;&lt;i class=\\&quot;fas fa-caret-down\\&quot;&gt;&lt;\\\/i&gt;&quot;,&quot;library&quot;:&quot;fa-solid&quot;},&quot;toggle&quot;:&quot;burger&quot;}\" data-widget_type=\"nav-menu.default\">\n\t\t\t\t<div class=\"elementor-widget-container\">\n\t\t\t\t\t<div class=\"elementor-menu-toggle\" role=\"button\" tabindex=\"0\" aria-label=\"Menu Toggle\" aria-expanded=\"false\">\n\t\t\t<i aria-hidden=\"true\" role=\"presentation\" class=\"elementor-menu-toggle__icon--open eicon-menu-bar\"><\/i><i aria-hidden=\"true\" role=\"presentation\" class=\"elementor-menu-toggle__icon--close eicon-close\"><\/i>\t\t\t<span class=\"elementor-screen-only\">Menu<\/span>\n\t\t<\/div>\n\t\t\t\t\t<nav class=\"elementor-nav-menu--dropdown elementor-nav-menu__container\" aria-hidden=\"true\">\n\t\t\t\t<ul id=\"menu-2-03550b8\" class=\"elementor-nav-menu\"><li class=\"menu-item menu-item-type-post_type menu-item-object-page menu-item-4371\"><a href=\"https:\/\/egea.ee\/wordpress\/koik\/\" class=\"elementor-item menu-link\" tabindex=\"-1\">K\u00f5ik<\/a><\/li>\n<li class=\"menu-item menu-item-type-taxonomy menu-item-object-category menu-item-4276\"><a href=\"https:\/\/egea.ee\/wordpress\/category\/uritused\/\" class=\"elementor-item menu-link\" tabindex=\"-1\">\u00dcritused<\/a><\/li>\n<li class=\"menu-item menu-item-type-taxonomy menu-item-object-category menu-item-4277\"><a href=\"https:\/\/egea.ee\/wordpress\/category\/lahe-geograafiatund\/\" class=\"elementor-item menu-link\" tabindex=\"-1\">Lahe geograafiatund<\/a><\/li>\n<li class=\"menu-item menu-item-type-taxonomy menu-item-object-category menu-item-4278\"><a href=\"https:\/\/egea.ee\/wordpress\/category\/vahetus\/\" class=\"elementor-item menu-link\" tabindex=\"-1\">Vahetus<\/a><\/li>\n<li class=\"menu-item menu-item-type-taxonomy menu-item-object-category menu-item-4280\"><a href=\"https:\/\/egea.ee\/wordpress\/category\/matk\/\" class=\"elementor-item menu-link\" tabindex=\"-1\">Matk<\/a><\/li>\n<li class=\"menu-item menu-item-type-taxonomy menu-item-object-category menu-item-4281\"><a href=\"https:\/\/egea.ee\/wordpress\/category\/kongress\/\" class=\"elementor-item menu-link\" tabindex=\"-1\">Kongress<\/a><\/li>\n<li class=\"menu-item menu-item-type-taxonomy menu-item-object-category menu-item-4282\"><a href=\"https:\/\/egea.ee\/wordpress\/category\/kogemuslugu\/\" class=\"elementor-item menu-link\" tabindex=\"-1\">Kogemuslugu<\/a><\/li>\n<\/ul>\t\t\t<\/nav>\n\t\t\t\t<\/div>\n\t\t\t\t<\/div>\n\t\t\t\t\t<\/div>\n\t\t<\/div>\n\t\t\t\t\t<\/div>\n\t\t<\/section>\n\t\t\t\t<section class=\"elementor-section elementor-top-section elementor-element elementor-element-57a090f elementor-hidden-tablet elementor-hidden-mobile elementor-section-boxed elementor-section-height-default elementor-section-height-default\" data-id=\"57a090f\" data-element_type=\"section\">\n\t\t\t\t\t\t<div class=\"elementor-container elementor-column-gap-default\">\n\t\t\t\t\t<div class=\"elementor-column elementor-col-100 elementor-top-column elementor-element elementor-element-2794384\" data-id=\"2794384\" data-element_type=\"column\">\n\t\t\t<div class=\"elementor-widget-wrap elementor-element-populated\">\n\t\t\t\t\t\t<div class=\"elementor-element elementor-element-ff7403a elementor-search-form--skin-minimal elementor-widget elementor-widget-search-form\" data-id=\"ff7403a\" data-element_type=\"widget\" data-settings=\"{&quot;skin&quot;:&quot;minimal&quot;}\" data-widget_type=\"search-form.default\">\n\t\t\t\t<div class=\"elementor-widget-container\">\n\t\t\t\t\t<search role=\"search\">\n\t\t\t<form class=\"elementor-search-form\" action=\"https:\/\/egea.ee\/wordpress\" method=\"get\">\n\t\t\t\t\t\t\t\t\t\t\t\t<div class=\"elementor-search-form__container\">\n\t\t\t\t\t<label class=\"elementor-screen-only\" for=\"elementor-search-form-ff7403a\">Search<\/label>\n\n\t\t\t\t\t\t\t\t\t\t\t<div class=\"elementor-search-form__icon\">\n\t\t\t\t\t\t\t<i aria-hidden=\"true\" class=\"fas fa-search\"><\/i>\t\t\t\t\t\t\t<span class=\"elementor-screen-only\">Search<\/span>\n\t\t\t\t\t\t<\/div>\n\t\t\t\t\t\n\t\t\t\t\t<input id=\"elementor-search-form-ff7403a\" placeholder=\"Uudised ja blogi\" class=\"elementor-search-form__input\" type=\"search\" name=\"s\" value=\"\">\n\t\t\t\t\t\n\t\t\t\t\t\n\t\t\t\t\t\t\t\t\t<\/div>\n\t\t\t<\/form>\n\t\t<\/search>\n\t\t\t\t<\/div>\n\t\t\t\t<\/div>\n\t\t\t\t\t<\/div>\n\t\t<\/div>\n\t\t\t\t\t<\/div>\n\t\t<\/section>\n\t\t\t\t<section class=\"elementor-section elementor-top-section elementor-element elementor-element-c8442e0 elementor-hidden-mobile elementor-section-boxed elementor-section-height-default elementor-section-height-default\" data-id=\"c8442e0\" data-element_type=\"section\">\n\t\t\t\t\t\t<div class=\"elementor-container elementor-column-gap-default\">\n\t\t\t\t\t<div class=\"elementor-column elementor-col-100 elementor-top-column elementor-element elementor-element-9bb7492\" data-id=\"9bb7492\" data-element_type=\"column\">\n\t\t\t<div class=\"elementor-widget-wrap elementor-element-populated\">\n\t\t\t\t\t\t<div class=\"elementor-element elementor-element-59e53ca elementor-widget__width-inherit elementor-nav-menu--dropdown-tablet elementor-nav-menu__text-align-aside elementor-nav-menu--toggle elementor-nav-menu--burger elementor-widget elementor-widget-nav-menu\" data-id=\"59e53ca\" data-element_type=\"widget\" data-settings=\"{&quot;layout&quot;:&quot;horizontal&quot;,&quot;submenu_icon&quot;:{&quot;value&quot;:&quot;&lt;i class=\\&quot;fas fa-caret-down\\&quot;&gt;&lt;\\\/i&gt;&quot;,&quot;library&quot;:&quot;fa-solid&quot;},&quot;toggle&quot;:&quot;burger&quot;}\" data-widget_type=\"nav-menu.default\">\n\t\t\t\t<div class=\"elementor-widget-container\">\n\t\t\t\t\t\t<nav aria-label=\"Menu\" class=\"elementor-nav-menu--main elementor-nav-menu__container elementor-nav-menu--layout-horizontal e--pointer-underline e--animation-fade\">\n\t\t\t\t<ul id=\"menu-1-59e53ca\" class=\"elementor-nav-menu\"><li class=\"menu-item menu-item-type-post_type menu-item-object-page menu-item-4371\"><a href=\"https:\/\/egea.ee\/wordpress\/koik\/\" class=\"elementor-item menu-link\">K\u00f5ik<\/a><\/li>\n<li class=\"menu-item menu-item-type-taxonomy menu-item-object-category menu-item-4276\"><a href=\"https:\/\/egea.ee\/wordpress\/category\/uritused\/\" class=\"elementor-item menu-link\">\u00dcritused<\/a><\/li>\n<li class=\"menu-item menu-item-type-taxonomy menu-item-object-category menu-item-4277\"><a href=\"https:\/\/egea.ee\/wordpress\/category\/lahe-geograafiatund\/\" class=\"elementor-item menu-link\">Lahe geograafiatund<\/a><\/li>\n<li class=\"menu-item menu-item-type-taxonomy menu-item-object-category menu-item-4278\"><a href=\"https:\/\/egea.ee\/wordpress\/category\/vahetus\/\" class=\"elementor-item menu-link\">Vahetus<\/a><\/li>\n<li class=\"menu-item menu-item-type-taxonomy menu-item-object-category menu-item-4280\"><a href=\"https:\/\/egea.ee\/wordpress\/category\/matk\/\" class=\"elementor-item menu-link\">Matk<\/a><\/li>\n<li class=\"menu-item menu-item-type-taxonomy menu-item-object-category menu-item-4281\"><a href=\"https:\/\/egea.ee\/wordpress\/category\/kongress\/\" class=\"elementor-item menu-link\">Kongress<\/a><\/li>\n<li class=\"menu-item menu-item-type-taxonomy menu-item-object-category menu-item-4282\"><a href=\"https:\/\/egea.ee\/wordpress\/category\/kogemuslugu\/\" class=\"elementor-item menu-link\">Kogemuslugu<\/a><\/li>\n<\/ul>\t\t\t<\/nav>\n\t\t\t\t\t<div class=\"elementor-menu-toggle\" role=\"button\" tabindex=\"0\" aria-label=\"Menu Toggle\" aria-expanded=\"false\">\n\t\t\t<i aria-hidden=\"true\" role=\"presentation\" class=\"elementor-menu-toggle__icon--open eicon-menu-bar\"><\/i><i aria-hidden=\"true\" role=\"presentation\" class=\"elementor-menu-toggle__icon--close eicon-close\"><\/i>\t\t\t<span class=\"elementor-screen-only\">Menu<\/span>\n\t\t<\/div>\n\t\t\t\t\t<nav class=\"elementor-nav-menu--dropdown elementor-nav-menu__container\" aria-hidden=\"true\">\n\t\t\t\t<ul id=\"menu-2-59e53ca\" class=\"elementor-nav-menu\"><li class=\"menu-item menu-item-type-post_type menu-item-object-page menu-item-4371\"><a href=\"https:\/\/egea.ee\/wordpress\/koik\/\" class=\"elementor-item menu-link\" tabindex=\"-1\">K\u00f5ik<\/a><\/li>\n<li class=\"menu-item menu-item-type-taxonomy menu-item-object-category menu-item-4276\"><a href=\"https:\/\/egea.ee\/wordpress\/category\/uritused\/\" class=\"elementor-item menu-link\" tabindex=\"-1\">\u00dcritused<\/a><\/li>\n<li class=\"menu-item menu-item-type-taxonomy menu-item-object-category menu-item-4277\"><a href=\"https:\/\/egea.ee\/wordpress\/category\/lahe-geograafiatund\/\" class=\"elementor-item menu-link\" tabindex=\"-1\">Lahe geograafiatund<\/a><\/li>\n<li class=\"menu-item menu-item-type-taxonomy menu-item-object-category menu-item-4278\"><a href=\"https:\/\/egea.ee\/wordpress\/category\/vahetus\/\" class=\"elementor-item menu-link\" tabindex=\"-1\">Vahetus<\/a><\/li>\n<li class=\"menu-item menu-item-type-taxonomy menu-item-object-category menu-item-4280\"><a href=\"https:\/\/egea.ee\/wordpress\/category\/matk\/\" class=\"elementor-item menu-link\" tabindex=\"-1\">Matk<\/a><\/li>\n<li class=\"menu-item menu-item-type-taxonomy menu-item-object-category menu-item-4281\"><a href=\"https:\/\/egea.ee\/wordpress\/category\/kongress\/\" class=\"elementor-item menu-link\" tabindex=\"-1\">Kongress<\/a><\/li>\n<li class=\"menu-item menu-item-type-taxonomy menu-item-object-category menu-item-4282\"><a href=\"https:\/\/egea.ee\/wordpress\/category\/kogemuslugu\/\" class=\"elementor-item menu-link\" tabindex=\"-1\">Kogemuslugu<\/a><\/li>\n<\/ul>\t\t\t<\/nav>\n\t\t\t\t<\/div>\n\t\t\t\t<\/div>\n\t\t\t\t\t<\/div>\n\t\t<\/div>\n\t\t\t\t\t<\/div>\n\t\t<\/section>\n\t\t\t\t<section class=\"elementor-section elementor-top-section elementor-element elementor-element-eb962bf elementor-section-boxed elementor-section-height-default elementor-section-height-default\" data-id=\"eb962bf\" data-element_type=\"section\">\n\t\t\t\t\t\t<div class=\"elementor-container elementor-column-gap-default\">\n\t\t\t\t\t<div class=\"elementor-column elementor-col-100 elementor-top-column elementor-element elementor-element-5f2f210\" data-id=\"5f2f210\" data-element_type=\"column\">\n\t\t\t<div class=\"elementor-widget-wrap elementor-element-populated\">\n\t\t\t\t\t\t<div class=\"elementor-element elementor-element-7cb5f59 elementor-grid-3 elementor-grid-tablet-2 elementor-grid-mobile-1 elementor-posts--thumbnail-top elementor-card-shadow-yes elementor-posts__hover-gradient elementor-widget elementor-widget-posts\" data-id=\"7cb5f59\" data-element_type=\"widget\" data-settings=\"{&quot;pagination_type&quot;:&quot;load_more_infinite_scroll&quot;,&quot;cards_columns&quot;:&quot;3&quot;,&quot;cards_columns_tablet&quot;:&quot;2&quot;,&quot;cards_columns_mobile&quot;:&quot;1&quot;,&quot;cards_row_gap&quot;:{&quot;unit&quot;:&quot;px&quot;,&quot;size&quot;:35,&quot;sizes&quot;:[]},&quot;cards_row_gap_tablet&quot;:{&quot;unit&quot;:&quot;px&quot;,&quot;size&quot;:&quot;&quot;,&quot;sizes&quot;:[]},&quot;cards_row_gap_mobile&quot;:{&quot;unit&quot;:&quot;px&quot;,&quot;size&quot;:&quot;&quot;,&quot;sizes&quot;:[]},&quot;load_more_spinner&quot;:{&quot;value&quot;:&quot;fas fa-spinner&quot;,&quot;library&quot;:&quot;fa-solid&quot;}}\" data-widget_type=\"posts.cards\">\n\t\t\t\t<div class=\"elementor-widget-container\">\n\t\t\t<link rel=\"stylesheet\" href=\"https:\/\/egea.ee\/wordpress\/wp-content\/plugins\/elementor-pro\/assets\/css\/widget-posts.min.css?ver=1725270151\">\t\t<div class=\"elementor-posts-container elementor-posts elementor-posts--skin-cards elementor-grid\">\n\t\t\t\t<article class=\"elementor-post elementor-grid-item post-5428 post type-post status-publish format-standard has-post-thumbnail hentry category-uritused\">\n\t\t\t<div class=\"elementor-post__card\">\n\t\t\t\t<a class=\"elementor-post__thumbnail__link\" href=\"https:\/\/egea.ee\/wordpress\/newbie-weekend-2024\/\" tabindex=\"-1\" ><div class=\"elementor-post__thumbnail\"><img fetchpriority=\"high\" decoding=\"async\" width=\"300\" height=\"225\" src=\"https:\/\/egea.ee\/wordpress\/wp-content\/uploads\/2024\/12\/IMG_20241109_230846-300x225.jpg\" class=\"attachment-medium size-medium wp-image-5480\" alt=\"\" srcset=\"https:\/\/egea.ee\/wordpress\/wp-content\/uploads\/2024\/12\/IMG_20241109_230846-300x225.jpg 300w, https:\/\/egea.ee\/wordpress\/wp-content\/uploads\/2024\/12\/IMG_20241109_230846-1024x768.jpg 1024w, https:\/\/egea.ee\/wordpress\/wp-content\/uploads\/2024\/12\/IMG_20241109_230846-768x576.jpg 768w, https:\/\/egea.ee\/wordpress\/wp-content\/uploads\/2024\/12\/IMG_20241109_230846-1536x1152.jpg 1536w, https:\/\/egea.ee\/wordpress\/wp-content\/uploads\/2024\/12\/IMG_20241109_230846-2048x1536.jpg 2048w\" sizes=\"(max-width: 300px) 100vw, 300px\" \/><\/div><\/a>\n\t\t\t\t<div class=\"elementor-post__badge\">\u00dcritused<\/div>\n\t\t\t\t<div class=\"elementor-post__text\">\n\t\t\t\t<h3 class=\"elementor-post__title\">\n\t\t\t<a href=\"https:\/\/egea.ee\/wordpress\/newbie-weekend-2024\/\" >\n\t\t\t\tNewbie Weekend 2024 P\u00f5lvamaal\t\t\t<\/a>\n\t\t<\/h3>\n\t\t\t\t<div class=\"elementor-post__excerpt\">\n\t\t\t<p>Newbie Weekend sai see aasta peetud P\u00f5lvamaal. 3 \u00fchiselt veedetud p\u00e4eva, mis andis v\u00f5imaluse uuel rahval tutvuda EGEA traditsioonide ning olemusega ja s\u00f5brustada kaugemalt tulnud<\/p>\n\t\t<\/div>\n\t\t\n\t\t<a class=\"elementor-post__read-more\" href=\"https:\/\/egea.ee\/wordpress\/newbie-weekend-2024\/\" aria-label=\"Read more about Newbie Weekend 2024 P\u00f5lvamaal\" tabindex=\"-1\" >\n\t\t\tLoe rohkem \u00bb\t\t<\/a>\n\n\t\t\t\t<\/div>\n\t\t\t\t<div class=\"elementor-post__meta-data\">\n\t\t\t\t\t<span class=\"elementor-post-date\">\n\t\t\t18.12.24\t\t<\/span>\n\t\t\t\t<span class=\"elementor-post-avatar\">\n\t\t\tKommentaare pole\t\t<\/span>\n\t\t\t\t<\/div>\n\t\t\t\t\t<\/div>\n\t\t<\/article>\n\t\t\t\t<article class=\"elementor-post elementor-grid-item post-5381 post type-post status-publish format-standard has-post-thumbnail hentry category-baltic-weekend category-uritused\">\n\t\t\t<div class=\"elementor-post__card\">\n\t\t\t\t<a class=\"elementor-post__thumbnail__link\" href=\"https:\/\/egea.ee\/wordpress\/ule-kumne-aasta-toimus-baltic-weekend-taas-latis\/\" tabindex=\"-1\" ><div class=\"elementor-post__thumbnail\"><img decoding=\"async\" width=\"300\" height=\"201\" src=\"https:\/\/egea.ee\/wordpress\/wp-content\/uploads\/2024\/11\/bw-pilt-300x201.jpg\" class=\"attachment-medium size-medium wp-image-5382\" alt=\"\" srcset=\"https:\/\/egea.ee\/wordpress\/wp-content\/uploads\/2024\/11\/bw-pilt-300x201.jpg 300w, https:\/\/egea.ee\/wordpress\/wp-content\/uploads\/2024\/11\/bw-pilt-1024x686.jpg 1024w, https:\/\/egea.ee\/wordpress\/wp-content\/uploads\/2024\/11\/bw-pilt-768x514.jpg 768w, https:\/\/egea.ee\/wordpress\/wp-content\/uploads\/2024\/11\/bw-pilt.jpg 1254w\" sizes=\"(max-width: 300px) 100vw, 300px\" \/><\/div><\/a>\n\t\t\t\t<div class=\"elementor-post__badge\">Baltic Weekend<\/div>\n\t\t\t\t<div class=\"elementor-post__text\">\n\t\t\t\t<h3 class=\"elementor-post__title\">\n\t\t\t<a href=\"https:\/\/egea.ee\/wordpress\/ule-kumne-aasta-toimus-baltic-weekend-taas-latis\/\" >\n\t\t\t\t\u00dcle k\u00fcmne aasta toimus Baltic Weekend taas L\u00e4tis\t\t\t<\/a>\n\t\t<\/h3>\n\t\t\t\t<div class=\"elementor-post__excerpt\">\n\t\t\t<p>2.-4. august korraldasime Baltic Weekendi, aga mitte nagu tavaks on saanud, et \u00fchel aastal Eestis (siis kui on EGEA Tartu kord korraldada) ja teisel aastal<\/p>\n\t\t<\/div>\n\t\t\n\t\t<a class=\"elementor-post__read-more\" href=\"https:\/\/egea.ee\/wordpress\/ule-kumne-aasta-toimus-baltic-weekend-taas-latis\/\" aria-label=\"Read more about \u00dcle k\u00fcmne aasta toimus Baltic Weekend taas L\u00e4tis\" tabindex=\"-1\" >\n\t\t\tLoe rohkem \u00bb\t\t<\/a>\n\n\t\t\t\t<\/div>\n\t\t\t\t<div class=\"elementor-post__meta-data\">\n\t\t\t\t\t<span class=\"elementor-post-date\">\n\t\t\t18.11.24\t\t<\/span>\n\t\t\t\t<span class=\"elementor-post-avatar\">\n\t\t\tKommentaare pole\t\t<\/span>\n\t\t\t\t<\/div>\n\t\t\t\t\t<\/div>\n\t\t<\/article>\n\t\t\t\t<article class=\"elementor-post elementor-grid-item post-4499 post type-post status-publish format-standard has-post-thumbnail hentry category-kongress category-uritused\">\n\t\t\t<div class=\"elementor-post__card\">\n\t\t\t\t<a class=\"elementor-post__thumbnail__link\" href=\"https:\/\/egea.ee\/wordpress\/kuidas-nautida-euroopa-volusid-eestis-ehk-north-and-baltic-congress-2023-nbrc23\/\" tabindex=\"-1\" ><div class=\"elementor-post__thumbnail\"><img decoding=\"async\" width=\"300\" height=\"200\" src=\"https:\/\/egea.ee\/wordpress\/wp-content\/uploads\/2023\/09\/nbrc-124-300x200.png\" class=\"attachment-medium size-medium wp-image-4498\" alt=\"\" srcset=\"https:\/\/egea.ee\/wordpress\/wp-content\/uploads\/2023\/09\/nbrc-124-300x200.png 300w, https:\/\/egea.ee\/wordpress\/wp-content\/uploads\/2023\/09\/nbrc-124-1024x683.png 1024w, https:\/\/egea.ee\/wordpress\/wp-content\/uploads\/2023\/09\/nbrc-124-768x512.png 768w, https:\/\/egea.ee\/wordpress\/wp-content\/uploads\/2023\/09\/nbrc-124-1536x1024.png 1536w, https:\/\/egea.ee\/wordpress\/wp-content\/uploads\/2023\/09\/nbrc-124-2048x1365.png 2048w\" sizes=\"(max-width: 300px) 100vw, 300px\" \/><\/div><\/a>\n\t\t\t\t<div class=\"elementor-post__badge\">Kongress<\/div>\n\t\t\t\t<div class=\"elementor-post__text\">\n\t\t\t\t<h3 class=\"elementor-post__title\">\n\t\t\t<a href=\"https:\/\/egea.ee\/wordpress\/kuidas-nautida-euroopa-volusid-eestis-ehk-north-and-baltic-congress-2023-nbrc23\/\" >\n\t\t\t\tKuidas nautida Euroopa v\u00f5lusid Eestis ehk North and Baltic Congress 2023 (NBRC23)\t\t\t<\/a>\n\t\t<\/h3>\n\t\t\t\t<div class=\"elementor-post__excerpt\">\n\t\t\t<p>Meeleolu loomiseks kuulata hitt-lugusi nii meilt, kui ka v\u00e4lismaalt. Lennukaid ideid on meil ikka olnud, eriti kui asi puudutab rahvusvahelist seltskonda. Meie hulgas on palju<\/p>\n\t\t<\/div>\n\t\t\n\t\t<a class=\"elementor-post__read-more\" href=\"https:\/\/egea.ee\/wordpress\/kuidas-nautida-euroopa-volusid-eestis-ehk-north-and-baltic-congress-2023-nbrc23\/\" aria-label=\"Read more about Kuidas nautida Euroopa v\u00f5lusid Eestis ehk North and Baltic Congress 2023 (NBRC23)\" tabindex=\"-1\" >\n\t\t\tLoe rohkem \u00bb\t\t<\/a>\n\n\t\t\t\t<\/div>\n\t\t\t\t<div class=\"elementor-post__meta-data\">\n\t\t\t\t\t<span class=\"elementor-post-date\">\n\t\t\t18.09.23\t\t<\/span>\n\t\t\t\t<span class=\"elementor-post-avatar\">\n\t\t\tKommentaare pole\t\t<\/span>\n\t\t\t\t<\/div>\n\t\t\t\t\t<\/div>\n\t\t<\/article>\n\t\t\t\t<article class=\"elementor-post elementor-grid-item post-581 post type-post status-publish format-standard has-post-thumbnail hentry category-lahe-geograafiatund\">\n\t\t\t<div class=\"elementor-post__card\">\n\t\t\t\t<a class=\"elementor-post__thumbnail__link\" href=\"https:\/\/egea.ee\/wordpress\/lahe-geograafiatund-2022-ehk-juba-seitse-aastat-koolikulastusi\/\" tabindex=\"-1\" ><div class=\"elementor-post__thumbnail\"><img loading=\"lazy\" decoding=\"async\" width=\"300\" height=\"232\" src=\"https:\/\/egea.ee\/wordpress\/wp-content\/uploads\/2023\/05\/312129683_636882738058920_8380167396921069389_n-e1684779467952-300x232.jpg\" class=\"attachment-medium size-medium wp-image-586\" alt=\"\" srcset=\"https:\/\/egea.ee\/wordpress\/wp-content\/uploads\/2023\/05\/312129683_636882738058920_8380167396921069389_n-e1684779467952-300x232.jpg 300w, https:\/\/egea.ee\/wordpress\/wp-content\/uploads\/2023\/05\/312129683_636882738058920_8380167396921069389_n-e1684779467952-1024x793.jpg 1024w, https:\/\/egea.ee\/wordpress\/wp-content\/uploads\/2023\/05\/312129683_636882738058920_8380167396921069389_n-e1684779467952-768x595.jpg 768w, https:\/\/egea.ee\/wordpress\/wp-content\/uploads\/2023\/05\/312129683_636882738058920_8380167396921069389_n-e1684779467952.jpg 1296w\" sizes=\"(max-width: 300px) 100vw, 300px\" \/><\/div><\/a>\n\t\t\t\t<div class=\"elementor-post__badge\">Lahe geograafiatund<\/div>\n\t\t\t\t<div class=\"elementor-post__text\">\n\t\t\t\t<h3 class=\"elementor-post__title\">\n\t\t\t<a href=\"https:\/\/egea.ee\/wordpress\/lahe-geograafiatund-2022-ehk-juba-seitse-aastat-koolikulastusi\/\" >\n\t\t\t\tLahe geograafiatund 2022 ehk juba seitse aastat koolik\u00fclastusi\t\t\t<\/a>\n\t\t<\/h3>\n\t\t\t\t<div class=\"elementor-post__excerpt\">\n\t\t\t<p>Tegu pole eksitusega ning sel korral oli tegu t\u00f5esti juba seitsmenda aastaga, mil projekti raames \u00f5pilaste ees lahedaid geograafiatunde andmas sai k\u00e4idud. Teematundide arv ning<\/p>\n\t\t<\/div>\n\t\t\n\t\t<a class=\"elementor-post__read-more\" href=\"https:\/\/egea.ee\/wordpress\/lahe-geograafiatund-2022-ehk-juba-seitse-aastat-koolikulastusi\/\" aria-label=\"Read more about Lahe geograafiatund 2022 ehk juba seitse aastat koolik\u00fclastusi\" tabindex=\"-1\" >\n\t\t\tLoe rohkem \u00bb\t\t<\/a>\n\n\t\t\t\t<\/div>\n\t\t\t\t<div class=\"elementor-post__meta-data\">\n\t\t\t\t\t<span class=\"elementor-post-date\">\n\t\t\t01.03.23\t\t<\/span>\n\t\t\t\t<span class=\"elementor-post-avatar\">\n\t\t\tKommentaare pole\t\t<\/span>\n\t\t\t\t<\/div>\n\t\t\t\t\t<\/div>\n\t\t<\/article>\n\t\t\t\t<article class=\"elementor-post elementor-grid-item post-588 post type-post status-publish format-standard has-post-thumbnail hentry category-geograafianadal\">\n\t\t\t<div class=\"elementor-post__card\">\n\t\t\t\t<a class=\"elementor-post__thumbnail__link\" href=\"https:\/\/egea.ee\/wordpress\/geograafianadal-2022\/\" tabindex=\"-1\" ><div class=\"elementor-post__thumbnail\"><img loading=\"lazy\" decoding=\"async\" width=\"300\" height=\"200\" src=\"https:\/\/egea.ee\/wordpress\/wp-content\/uploads\/2023\/01\/DSC_1015e-300x200.jpg\" class=\"attachment-medium size-medium wp-image-590\" alt=\"\" srcset=\"https:\/\/egea.ee\/wordpress\/wp-content\/uploads\/2023\/01\/DSC_1015e-300x200.jpg 300w, https:\/\/egea.ee\/wordpress\/wp-content\/uploads\/2023\/01\/DSC_1015e-1024x683.jpg 1024w, https:\/\/egea.ee\/wordpress\/wp-content\/uploads\/2023\/01\/DSC_1015e-768x512.jpg 768w, https:\/\/egea.ee\/wordpress\/wp-content\/uploads\/2023\/01\/DSC_1015e-1536x1024.jpg 1536w, https:\/\/egea.ee\/wordpress\/wp-content\/uploads\/2023\/01\/DSC_1015e-2048x1365.jpg 2048w\" sizes=\"(max-width: 300px) 100vw, 300px\" \/><\/div><\/a>\n\t\t\t\t<div class=\"elementor-post__badge\">Geograafian\u00e4dal<\/div>\n\t\t\t\t<div class=\"elementor-post__text\">\n\t\t\t\t<h3 class=\"elementor-post__title\">\n\t\t\t<a href=\"https:\/\/egea.ee\/wordpress\/geograafianadal-2022\/\" >\n\t\t\t\tGeograafian\u00e4dal 2022\t\t\t<\/a>\n\t\t<\/h3>\n\t\t\t\t<div class=\"elementor-post__excerpt\">\n\t\t\t<p>H\u00e4\u00e4letamise t\u00f6\u00f6tuba 14. novembril kogunesime kuulama K\u00e4tlini ja Mihkli esitlust nende h\u00e4\u00e4letamise kogemusest. Nad k\u00e4isid sel suvel Balkanimaades h\u00e4\u00e4lega reisimas ja olid lahkelt valmis oma<\/p>\n\t\t<\/div>\n\t\t\n\t\t<a class=\"elementor-post__read-more\" href=\"https:\/\/egea.ee\/wordpress\/geograafianadal-2022\/\" aria-label=\"Read more about Geograafian\u00e4dal 2022\" tabindex=\"-1\" >\n\t\t\tLoe rohkem \u00bb\t\t<\/a>\n\n\t\t\t\t<\/div>\n\t\t\t\t<div class=\"elementor-post__meta-data\">\n\t\t\t\t\t<span class=\"elementor-post-date\">\n\t\t\t15.01.23\t\t<\/span>\n\t\t\t\t<span class=\"elementor-post-avatar\">\n\t\t\tKommentaare pole\t\t<\/span>\n\t\t\t\t<\/div>\n\t\t\t\t\t<\/div>\n\t\t<\/article>\n\t\t\t\t<article class=\"elementor-post elementor-grid-item post-591 post type-post status-publish format-standard has-post-thumbnail hentry category-vahetus\">\n\t\t\t<div class=\"elementor-post__card\">\n\t\t\t\t<a class=\"elementor-post__thumbnail__link\" href=\"https:\/\/egea.ee\/wordpress\/pikk-nadalavahetus-turus\/\" tabindex=\"-1\" ><div class=\"elementor-post__thumbnail\"><img loading=\"lazy\" decoding=\"async\" width=\"224\" height=\"300\" src=\"https:\/\/egea.ee\/wordpress\/wp-content\/uploads\/2023\/05\/346167414_944579956685005_7272678454618042195_n-224x300.jpg\" class=\"attachment-medium size-medium wp-image-592\" alt=\"\" srcset=\"https:\/\/egea.ee\/wordpress\/wp-content\/uploads\/2023\/05\/346167414_944579956685005_7272678454618042195_n-224x300.jpg 224w, https:\/\/egea.ee\/wordpress\/wp-content\/uploads\/2023\/05\/346167414_944579956685005_7272678454618042195_n-766x1024.jpg 766w, https:\/\/egea.ee\/wordpress\/wp-content\/uploads\/2023\/05\/346167414_944579956685005_7272678454618042195_n-768x1027.jpg 768w, https:\/\/egea.ee\/wordpress\/wp-content\/uploads\/2023\/05\/346167414_944579956685005_7272678454618042195_n-1149x1536.jpg 1149w, https:\/\/egea.ee\/wordpress\/wp-content\/uploads\/2023\/05\/346167414_944579956685005_7272678454618042195_n.jpg 1532w\" sizes=\"(max-width: 224px) 100vw, 224px\" \/><\/div><\/a>\n\t\t\t\t<div class=\"elementor-post__badge\">Vahetus<\/div>\n\t\t\t\t<div class=\"elementor-post__text\">\n\t\t\t\t<h3 class=\"elementor-post__title\">\n\t\t\t<a href=\"https:\/\/egea.ee\/wordpress\/pikk-nadalavahetus-turus\/\" >\n\t\t\t\tPikk n\u00e4dalavahetus Turus\t\t\t<\/a>\n\t\t<\/h3>\n\t\t\t\t<div class=\"elementor-post__excerpt\">\n\t\t\t<p>13.\u201315. oktoobrini k\u00e4isime k\u00fclas EGEA-Turkul. P\u00e4ev algas vara, sest kiirustasime juba 6:00 laevale, et s\u00f5ita Helsingisse ja sealt edasi bussiga Turgu. Kui olime oma kotid<\/p>\n\t\t<\/div>\n\t\t\n\t\t<a class=\"elementor-post__read-more\" href=\"https:\/\/egea.ee\/wordpress\/pikk-nadalavahetus-turus\/\" aria-label=\"Read more about Pikk n\u00e4dalavahetus Turus\" tabindex=\"-1\" >\n\t\t\tLoe rohkem \u00bb\t\t<\/a>\n\n\t\t\t\t<\/div>\n\t\t\t\t<div class=\"elementor-post__meta-data\">\n\t\t\t\t\t<span class=\"elementor-post-date\">\n\t\t\t14.01.23\t\t<\/span>\n\t\t\t\t<span class=\"elementor-post-avatar\">\n\t\t\tKommentaare pole\t\t<\/span>\n\t\t\t\t<\/div>\n\t\t\t\t\t<\/div>\n\t\t<\/article>\n\t\t\t\t<article class=\"elementor-post elementor-grid-item post-3095 post type-post status-publish format-standard has-post-thumbnail hentry category-matk\">\n\t\t\t<div class=\"elementor-post__card\">\n\t\t\t\t<a class=\"elementor-post__thumbnail__link\" href=\"https:\/\/egea.ee\/wordpress\/lumine-retk-kasmu\/\" tabindex=\"-1\" ><div class=\"elementor-post__thumbnail\"><img loading=\"lazy\" decoding=\"async\" width=\"300\" height=\"236\" src=\"https:\/\/egea.ee\/wordpress\/wp-content\/uploads\/2022\/12\/346134855_1483456225797678_1301546487312404166_n-e1693131234124-300x236.jpg\" class=\"attachment-medium size-medium wp-image-4256\" alt=\"\" srcset=\"https:\/\/egea.ee\/wordpress\/wp-content\/uploads\/2022\/12\/346134855_1483456225797678_1301546487312404166_n-e1693131234124-300x236.jpg 300w, https:\/\/egea.ee\/wordpress\/wp-content\/uploads\/2022\/12\/346134855_1483456225797678_1301546487312404166_n-e1693131234124-1024x805.jpg 1024w, https:\/\/egea.ee\/wordpress\/wp-content\/uploads\/2022\/12\/346134855_1483456225797678_1301546487312404166_n-e1693131234124-768x604.jpg 768w, https:\/\/egea.ee\/wordpress\/wp-content\/uploads\/2022\/12\/346134855_1483456225797678_1301546487312404166_n-e1693131234124.jpg 1532w\" sizes=\"(max-width: 300px) 100vw, 300px\" \/><\/div><\/a>\n\t\t\t\t<div class=\"elementor-post__badge\">Matk<\/div>\n\t\t\t\t<div class=\"elementor-post__text\">\n\t\t\t\t<h3 class=\"elementor-post__title\">\n\t\t\t<a href=\"https:\/\/egea.ee\/wordpress\/lumine-retk-kasmu\/\" >\n\t\t\t\tLumine retk K\u00e4smu\t\t\t<\/a>\n\t\t<\/h3>\n\t\t\t\t<div class=\"elementor-post__excerpt\">\n\t\t\t<p>1. detsembril alustasid seitse EGEA-Tartu liiget oma p\u00e4eva juba kell 7 hommikul, et s\u00f5ita K\u00e4smu. K\u00e4smus ootas meid Lahemaa \u00f6koturismi giid, kes viis meid vahvale<\/p>\n\t\t<\/div>\n\t\t\n\t\t<a class=\"elementor-post__read-more\" href=\"https:\/\/egea.ee\/wordpress\/lumine-retk-kasmu\/\" aria-label=\"Read more about Lumine retk K\u00e4smu\" tabindex=\"-1\" >\n\t\t\tLoe rohkem \u00bb\t\t<\/a>\n\n\t\t\t\t<\/div>\n\t\t\t\t<div class=\"elementor-post__meta-data\">\n\t\t\t\t\t<span class=\"elementor-post-date\">\n\t\t\t25.12.22\t\t<\/span>\n\t\t\t\t<span class=\"elementor-post-avatar\">\n\t\t\tKommentaare pole\t\t<\/span>\n\t\t\t\t<\/div>\n\t\t\t\t\t<\/div>\n\t\t<\/article>\n\t\t\t\t<article class=\"elementor-post elementor-grid-item post-3083 post type-post status-publish format-standard has-post-thumbnail hentry category-geograafianadal\">\n\t\t\t<div class=\"elementor-post__card\">\n\t\t\t\t<a class=\"elementor-post__thumbnail__link\" href=\"https:\/\/egea.ee\/wordpress\/tule-geograafianadalale\/\" tabindex=\"-1\" ><div class=\"elementor-post__thumbnail\"><img loading=\"lazy\" decoding=\"async\" width=\"300\" height=\"232\" src=\"https:\/\/egea.ee\/wordpress\/wp-content\/uploads\/2016\/12\/geogr_nadal-300x232.png\" class=\"attachment-medium size-medium wp-image-1292\" alt=\"\" srcset=\"https:\/\/egea.ee\/wordpress\/wp-content\/uploads\/2016\/12\/geogr_nadal-300x232.png 300w, https:\/\/egea.ee\/wordpress\/wp-content\/uploads\/2016\/12\/geogr_nadal-768x594.png 768w, https:\/\/egea.ee\/wordpress\/wp-content\/uploads\/2016\/12\/geogr_nadal.png 776w\" sizes=\"(max-width: 300px) 100vw, 300px\" \/><\/div><\/a>\n\t\t\t\t<div class=\"elementor-post__badge\">Geograafian\u00e4dal<\/div>\n\t\t\t\t<div class=\"elementor-post__text\">\n\t\t\t\t<h3 class=\"elementor-post__title\">\n\t\t\t<a href=\"https:\/\/egea.ee\/wordpress\/tule-geograafianadalale\/\" >\n\t\t\t\tTule geograafian\u00e4dalale!\t\t\t<\/a>\n\t\t<\/h3>\n\t\t\t\t<div class=\"elementor-post__excerpt\">\n\t\t\t<p>Kas teadsid, et 14.11-18.11 on rahvusvaheline geograafian\u00e4dal? &nbsp; EGEA-Tartus t\u00e4histame me seda suurelt. Geograafian\u00e4dalal on tulemas lausa kolm \u00fcritust, kuhu ootame k\u00f5iki osalema! 14.11 kell<\/p>\n\t\t<\/div>\n\t\t\n\t\t<a class=\"elementor-post__read-more\" href=\"https:\/\/egea.ee\/wordpress\/tule-geograafianadalale\/\" aria-label=\"Read more about Tule geograafian\u00e4dalale!\" tabindex=\"-1\" >\n\t\t\tLoe rohkem \u00bb\t\t<\/a>\n\n\t\t\t\t<\/div>\n\t\t\t\t<div class=\"elementor-post__meta-data\">\n\t\t\t\t\t<span class=\"elementor-post-date\">\n\t\t\t09.11.22\t\t<\/span>\n\t\t\t\t<span class=\"elementor-post-avatar\">\n\t\t\tKommentaare pole\t\t<\/span>\n\t\t\t\t<\/div>\n\t\t\t\t\t<\/div>\n\t\t<\/article>\n\t\t\t\t<article class=\"elementor-post elementor-grid-item post-3065 post type-post status-publish format-standard has-post-thumbnail hentry category-kongress\">\n\t\t\t<div class=\"elementor-post__card\">\n\t\t\t\t<a class=\"elementor-post__thumbnail__link\" href=\"https:\/\/egea.ee\/wordpress\/egea-aastakongress-2022-ungaris\/\" tabindex=\"-1\" ><div class=\"elementor-post__thumbnail\"><img loading=\"lazy\" decoding=\"async\" width=\"300\" height=\"162\" src=\"https:\/\/egea.ee\/wordpress\/wp-content\/uploads\/2022\/11\/Screenshot-2022-11-06-223658-1024x553-1-300x162.jpg\" class=\"attachment-medium size-medium wp-image-4259\" alt=\"\" srcset=\"https:\/\/egea.ee\/wordpress\/wp-content\/uploads\/2022\/11\/Screenshot-2022-11-06-223658-1024x553-1-300x162.jpg 300w, https:\/\/egea.ee\/wordpress\/wp-content\/uploads\/2022\/11\/Screenshot-2022-11-06-223658-1024x553-1-768x415.jpg 768w, https:\/\/egea.ee\/wordpress\/wp-content\/uploads\/2022\/11\/Screenshot-2022-11-06-223658-1024x553-1.jpg 1024w\" sizes=\"(max-width: 300px) 100vw, 300px\" \/><\/div><\/a>\n\t\t\t\t<div class=\"elementor-post__badge\">Kongress<\/div>\n\t\t\t\t<div class=\"elementor-post__text\">\n\t\t\t\t<h3 class=\"elementor-post__title\">\n\t\t\t<a href=\"https:\/\/egea.ee\/wordpress\/egea-aastakongress-2022-ungaris\/\" >\n\t\t\t\tEGEA aastakongress 2022 Ungaris\t\t\t<\/a>\n\t\t<\/h3>\n\t\t\t\t<div class=\"elementor-post__excerpt\">\n\t\t\t<p>Sel aastal toimus EGEA Euroopa aastakongress 12.-17. septembrini Ungaris. EGEA-Tartu liikmetest kaheksa k\u00e4is Ungaris kohapeal, et arutada EGEA tuleviku \u00fcle, osaleda huvitavates t\u00f6\u00f6tubades ja ekskursioonidel.<\/p>\n\t\t<\/div>\n\t\t\n\t\t<a class=\"elementor-post__read-more\" href=\"https:\/\/egea.ee\/wordpress\/egea-aastakongress-2022-ungaris\/\" aria-label=\"Read more about EGEA aastakongress 2022 Ungaris\" tabindex=\"-1\" >\n\t\t\tLoe rohkem \u00bb\t\t<\/a>\n\n\t\t\t\t<\/div>\n\t\t\t\t<div class=\"elementor-post__meta-data\">\n\t\t\t\t\t<span class=\"elementor-post-date\">\n\t\t\t06.11.22\t\t<\/span>\n\t\t\t\t<span class=\"elementor-post-avatar\">\n\t\t\tKommentaare pole\t\t<\/span>\n\t\t\t\t<\/div>\n\t\t\t\t\t<\/div>\n\t\t<\/article>\n\t\t\t\t<article class=\"elementor-post elementor-grid-item post-3016 post type-post status-publish format-standard has-post-thumbnail hentry category-baltic-weekend category-koik category-uritused\">\n\t\t\t<div class=\"elementor-post__card\">\n\t\t\t\t<a class=\"elementor-post__thumbnail__link\" href=\"https:\/\/egea.ee\/wordpress\/baltic-weekend-2022-palmses\/\" tabindex=\"-1\" ><div class=\"elementor-post__thumbnail\"><img loading=\"lazy\" decoding=\"async\" width=\"300\" height=\"198\" src=\"https:\/\/egea.ee\/wordpress\/wp-content\/uploads\/2022\/08\/Screenshot-2022-08-31-130027-1-300x198.png\" class=\"attachment-medium size-medium wp-image-4260\" alt=\"\" srcset=\"https:\/\/egea.ee\/wordpress\/wp-content\/uploads\/2022\/08\/Screenshot-2022-08-31-130027-1-300x198.png 300w, https:\/\/egea.ee\/wordpress\/wp-content\/uploads\/2022\/08\/Screenshot-2022-08-31-130027-1-1024x676.png 1024w, https:\/\/egea.ee\/wordpress\/wp-content\/uploads\/2022\/08\/Screenshot-2022-08-31-130027-1-768x507.png 768w, https:\/\/egea.ee\/wordpress\/wp-content\/uploads\/2022\/08\/Screenshot-2022-08-31-130027-1.png 1236w\" sizes=\"(max-width: 300px) 100vw, 300px\" \/><\/div><\/a>\n\t\t\t\t<div class=\"elementor-post__badge\">Baltic Weekend<\/div>\n\t\t\t\t<div class=\"elementor-post__text\">\n\t\t\t\t<h3 class=\"elementor-post__title\">\n\t\t\t<a href=\"https:\/\/egea.ee\/wordpress\/baltic-weekend-2022-palmses\/\" >\n\t\t\t\tBaltic Weekend 2022 Palmses\t\t\t<\/a>\n\t\t<\/h3>\n\t\t\t\t<div class=\"elementor-post__excerpt\">\n\t\t\t<p>5.-7. augustunil kogunesid noored geograafid Palmses, et osaleda j\u00e4rjekordsel Baltic Weekendil. \u00dcritust korraldavad kordam\u00f6\u00f6da Tartu ja Vilniuse EGEA. Sellel aastal oli see au j\u00e4lle meil.<\/p>\n\t\t<\/div>\n\t\t\n\t\t<a class=\"elementor-post__read-more\" href=\"https:\/\/egea.ee\/wordpress\/baltic-weekend-2022-palmses\/\" aria-label=\"Read more about Baltic Weekend 2022 Palmses\" tabindex=\"-1\" >\n\t\t\tLoe rohkem \u00bb\t\t<\/a>\n\n\t\t\t\t<\/div>\n\t\t\t\t<div class=\"elementor-post__meta-data\">\n\t\t\t\t\t<span class=\"elementor-post-date\">\n\t\t\t31.08.22\t\t<\/span>\n\t\t\t\t<span class=\"elementor-post-avatar\">\n\t\t\tKommentaare pole\t\t<\/span>\n\t\t\t\t<\/div>\n\t\t\t\t\t<\/div>\n\t\t<\/article>\n\t\t\t\t<article class=\"elementor-post elementor-grid-item post-2995 post type-post status-publish format-standard has-post-thumbnail hentry category-vahetus\">\n\t\t\t<div class=\"elementor-post__card\">\n\t\t\t\t<a class=\"elementor-post__thumbnail__link\" href=\"https:\/\/egea.ee\/wordpress\/vahetus-egea-mainziga-21-07-24-07-2022\/\" tabindex=\"-1\" ><div class=\"elementor-post__thumbnail\"><img loading=\"lazy\" decoding=\"async\" width=\"300\" height=\"258\" src=\"https:\/\/egea.ee\/wordpress\/wp-content\/uploads\/2022\/08\/IMG-20220724-WA0002-1024x881-1-300x258.jpg\" class=\"attachment-medium size-medium wp-image-4262\" alt=\"\" srcset=\"https:\/\/egea.ee\/wordpress\/wp-content\/uploads\/2022\/08\/IMG-20220724-WA0002-1024x881-1-300x258.jpg 300w, https:\/\/egea.ee\/wordpress\/wp-content\/uploads\/2022\/08\/IMG-20220724-WA0002-1024x881-1-768x661.jpg 768w, https:\/\/egea.ee\/wordpress\/wp-content\/uploads\/2022\/08\/IMG-20220724-WA0002-1024x881-1.jpg 1024w\" sizes=\"(max-width: 300px) 100vw, 300px\" \/><\/div><\/a>\n\t\t\t\t<div class=\"elementor-post__badge\">Vahetus<\/div>\n\t\t\t\t<div class=\"elementor-post__text\">\n\t\t\t\t<h3 class=\"elementor-post__title\">\n\t\t\t<a href=\"https:\/\/egea.ee\/wordpress\/vahetus-egea-mainziga-21-07-24-07-2022\/\" >\n\t\t\t\tVahetus EGEA-Mainziga 21.07-24.07.2022\t\t\t<\/a>\n\t\t<\/h3>\n\t\t\t\t<div class=\"elementor-post__excerpt\">\n\t\t\t<p>Juuli l\u00f5pus k\u00e4isid Janely, Carol, Elina, Agnes ja Karl Saksamaal k\u00fclas EGEA-Mainzil. Alustasime oma seiklust 21. juulil Tallinna lennujaamast lennuga Frankfurti, kust on rongiga Mainzi<\/p>\n\t\t<\/div>\n\t\t\n\t\t<a class=\"elementor-post__read-more\" href=\"https:\/\/egea.ee\/wordpress\/vahetus-egea-mainziga-21-07-24-07-2022\/\" aria-label=\"Read more about Vahetus EGEA-Mainziga 21.07-24.07.2022\" tabindex=\"-1\" >\n\t\t\tLoe rohkem \u00bb\t\t<\/a>\n\n\t\t\t\t<\/div>\n\t\t\t\t<div class=\"elementor-post__meta-data\">\n\t\t\t\t\t<span class=\"elementor-post-date\">\n\t\t\t22.08.22\t\t<\/span>\n\t\t\t\t<span class=\"elementor-post-avatar\">\n\t\t\tKommentaare pole\t\t<\/span>\n\t\t\t\t<\/div>\n\t\t\t\t\t<\/div>\n\t\t<\/article>\n\t\t\t\t<article class=\"elementor-post elementor-grid-item post-2983 post type-post status-publish format-standard has-post-thumbnail hentry category-lahe-geograafiatund\">\n\t\t\t<div class=\"elementor-post__card\">\n\t\t\t\t<a class=\"elementor-post__thumbnail__link\" href=\"https:\/\/egea.ee\/wordpress\/teistmoodi-hooaeg-ehk-lahe-geograafiatund-2021-22\/\" tabindex=\"-1\" ><div class=\"elementor-post__thumbnail\"><img loading=\"lazy\" decoding=\"async\" width=\"300\" height=\"168\" src=\"https:\/\/egea.ee\/wordpress\/wp-content\/uploads\/2022\/07\/279460574_5337014199663723_1451104282203340260_n-300x168.jpg\" class=\"attachment-medium size-medium wp-image-4265\" alt=\"\" srcset=\"https:\/\/egea.ee\/wordpress\/wp-content\/uploads\/2022\/07\/279460574_5337014199663723_1451104282203340260_n-300x168.jpg 300w, https:\/\/egea.ee\/wordpress\/wp-content\/uploads\/2022\/07\/279460574_5337014199663723_1451104282203340260_n-1024x572.jpg 1024w, https:\/\/egea.ee\/wordpress\/wp-content\/uploads\/2022\/07\/279460574_5337014199663723_1451104282203340260_n-768x429.jpg 768w, https:\/\/egea.ee\/wordpress\/wp-content\/uploads\/2022\/07\/279460574_5337014199663723_1451104282203340260_n-1536x858.jpg 1536w, https:\/\/egea.ee\/wordpress\/wp-content\/uploads\/2022\/07\/279460574_5337014199663723_1451104282203340260_n.jpg 1920w\" sizes=\"(max-width: 300px) 100vw, 300px\" \/><\/div><\/a>\n\t\t\t\t<div class=\"elementor-post__badge\">Lahe geograafiatund<\/div>\n\t\t\t\t<div class=\"elementor-post__text\">\n\t\t\t\t<h3 class=\"elementor-post__title\">\n\t\t\t<a href=\"https:\/\/egea.ee\/wordpress\/teistmoodi-hooaeg-ehk-lahe-geograafiatund-2021-22\/\" >\n\t\t\t\tTeistmoodi hooaeg ehk Lahe geograafiatund 2021\/22\t\t\t<\/a>\n\t\t<\/h3>\n\t\t\t\t<div class=\"elementor-post__excerpt\">\n\t\t\t<p>Alles sai novembris \u00fcks Laheda geograafiatunni projekt l\u00e4bi, kuid sel korral alustas kohe p\u00e4rast \u00fche l\u00f5ppu juba j\u00e4rgmine. Lahe geograafiatund 2021\/22 algas novembris 2021 ja<\/p>\n\t\t<\/div>\n\t\t\n\t\t<a class=\"elementor-post__read-more\" href=\"https:\/\/egea.ee\/wordpress\/teistmoodi-hooaeg-ehk-lahe-geograafiatund-2021-22\/\" aria-label=\"Read more about Teistmoodi hooaeg ehk Lahe geograafiatund 2021\/22\" tabindex=\"-1\" >\n\t\t\tLoe rohkem \u00bb\t\t<\/a>\n\n\t\t\t\t<\/div>\n\t\t\t\t<div class=\"elementor-post__meta-data\">\n\t\t\t\t\t<span class=\"elementor-post-date\">\n\t\t\t01.07.22\t\t<\/span>\n\t\t\t\t<span class=\"elementor-post-avatar\">\n\t\t\tKommentaare pole\t\t<\/span>\n\t\t\t\t<\/div>\n\t\t\t\t\t<\/div>\n\t\t<\/article>\n\t\t\t\t<article class=\"elementor-post elementor-grid-item post-2919 post type-post status-publish format-standard has-post-thumbnail hentry category-kongress category-uritused\">\n\t\t\t<div class=\"elementor-post__card\">\n\t\t\t\t<a class=\"elementor-post__thumbnail__link\" href=\"https:\/\/egea.ee\/wordpress\/laane-regiooni-kongress-saksamaal\/\" tabindex=\"-1\" ><div class=\"elementor-post__thumbnail\"><img loading=\"lazy\" decoding=\"async\" width=\"300\" height=\"199\" src=\"https:\/\/egea.ee\/wordpress\/wp-content\/uploads\/2022\/04\/346141138_596163502534407_322728556743870113_n-300x199.jpg\" class=\"attachment-medium size-medium wp-image-4266\" alt=\"\" srcset=\"https:\/\/egea.ee\/wordpress\/wp-content\/uploads\/2022\/04\/346141138_596163502534407_322728556743870113_n-300x199.jpg 300w, https:\/\/egea.ee\/wordpress\/wp-content\/uploads\/2022\/04\/346141138_596163502534407_322728556743870113_n-1024x679.jpg 1024w, https:\/\/egea.ee\/wordpress\/wp-content\/uploads\/2022\/04\/346141138_596163502534407_322728556743870113_n-768x509.jpg 768w, https:\/\/egea.ee\/wordpress\/wp-content\/uploads\/2022\/04\/346141138_596163502534407_322728556743870113_n-1536x1018.jpg 1536w, https:\/\/egea.ee\/wordpress\/wp-content\/uploads\/2022\/04\/346141138_596163502534407_322728556743870113_n.jpg 2048w\" sizes=\"(max-width: 300px) 100vw, 300px\" \/><\/div><\/a>\n\t\t\t\t<div class=\"elementor-post__badge\">Kongress<\/div>\n\t\t\t\t<div class=\"elementor-post__text\">\n\t\t\t\t<h3 class=\"elementor-post__title\">\n\t\t\t<a href=\"https:\/\/egea.ee\/wordpress\/laane-regiooni-kongress-saksamaal\/\" >\n\t\t\t\tL\u00e4\u00e4ne regiooni kongress Saksamaal\t\t\t<\/a>\n\t\t<\/h3>\n\t\t\t\t<div class=\"elementor-post__excerpt\">\n\t\t\t<p>\u00dcle kahe aasta toimus j\u00e4lle esimene suur EGEA Euroopa \u00fcritus, milleks oli l\u00e4\u00e4ne regiooni kongress ehk WRC 22 (Western Regional Congress 2022). WRC osalejad ja<\/p>\n\t\t<\/div>\n\t\t\n\t\t<a class=\"elementor-post__read-more\" href=\"https:\/\/egea.ee\/wordpress\/laane-regiooni-kongress-saksamaal\/\" aria-label=\"Read more about L\u00e4\u00e4ne regiooni kongress Saksamaal\" tabindex=\"-1\" >\n\t\t\tLoe rohkem \u00bb\t\t<\/a>\n\n\t\t\t\t<\/div>\n\t\t\t\t<div class=\"elementor-post__meta-data\">\n\t\t\t\t\t<span class=\"elementor-post-date\">\n\t\t\t06.04.22\t\t<\/span>\n\t\t\t\t<span class=\"elementor-post-avatar\">\n\t\t\tKommentaare pole\t\t<\/span>\n\t\t\t\t<\/div>\n\t\t\t\t\t<\/div>\n\t\t<\/article>\n\t\t\t\t<article class=\"elementor-post elementor-grid-item post-2884 post type-post status-publish format-standard has-post-thumbnail hentry category-uritused\">\n\t\t\t<div class=\"elementor-post__card\">\n\t\t\t\t<a class=\"elementor-post__thumbnail__link\" href=\"https:\/\/egea.ee\/wordpress\/vahvaid-meenutusi-2021-aasta-sugisest\/\" tabindex=\"-1\" ><div class=\"elementor-post__thumbnail\"><img loading=\"lazy\" decoding=\"async\" width=\"300\" height=\"225\" src=\"https:\/\/egea.ee\/wordpress\/wp-content\/uploads\/2023\/05\/tutvumisohtu_2021_edit-300x225.png\" class=\"attachment-medium size-medium wp-image-324\" alt=\"\" srcset=\"https:\/\/egea.ee\/wordpress\/wp-content\/uploads\/2023\/05\/tutvumisohtu_2021_edit-300x225.png 300w, https:\/\/egea.ee\/wordpress\/wp-content\/uploads\/2023\/05\/tutvumisohtu_2021_edit-1024x768.png 1024w, https:\/\/egea.ee\/wordpress\/wp-content\/uploads\/2023\/05\/tutvumisohtu_2021_edit-768x576.png 768w, https:\/\/egea.ee\/wordpress\/wp-content\/uploads\/2023\/05\/tutvumisohtu_2021_edit-1536x1152.png 1536w, https:\/\/egea.ee\/wordpress\/wp-content\/uploads\/2023\/05\/tutvumisohtu_2021_edit.png 2048w\" sizes=\"(max-width: 300px) 100vw, 300px\" \/><\/div><\/a>\n\t\t\t\t<div class=\"elementor-post__badge\">\u00dcritused<\/div>\n\t\t\t\t<div class=\"elementor-post__text\">\n\t\t\t\t<h3 class=\"elementor-post__title\">\n\t\t\t<a href=\"https:\/\/egea.ee\/wordpress\/vahvaid-meenutusi-2021-aasta-sugisest\/\" >\n\t\t\t\tVahvaid meenutusi 2021. aasta s\u00fcgisest\t\t\t<\/a>\n\t\t<\/h3>\n\t\t\t\t<div class=\"elementor-post__excerpt\">\n\t\t\t<p>Vana-aasta \u00f5htul on ikka tavaks aeg maha v\u00f5tta ja aastale tagasi vaadata. EGEA-Tartul on s\u00fcgise jooksul nii palju tegemisi olnud, kuid neist blogimine on j\u00e4\u00e4nud<\/p>\n\t\t<\/div>\n\t\t\n\t\t<a class=\"elementor-post__read-more\" href=\"https:\/\/egea.ee\/wordpress\/vahvaid-meenutusi-2021-aasta-sugisest\/\" aria-label=\"Read more about Vahvaid meenutusi 2021. aasta s\u00fcgisest\" tabindex=\"-1\" >\n\t\t\tLoe rohkem \u00bb\t\t<\/a>\n\n\t\t\t\t<\/div>\n\t\t\t\t<div class=\"elementor-post__meta-data\">\n\t\t\t\t\t<span class=\"elementor-post-date\">\n\t\t\t31.12.21\t\t<\/span>\n\t\t\t\t<span class=\"elementor-post-avatar\">\n\t\t\tKommentaare pole\t\t<\/span>\n\t\t\t\t<\/div>\n\t\t\t\t\t<\/div>\n\t\t<\/article>\n\t\t\t\t<article class=\"elementor-post elementor-grid-item post-2880 post type-post status-publish format-standard has-post-thumbnail hentry category-lahe-geograafiatund\">\n\t\t\t<div class=\"elementor-post__card\">\n\t\t\t\t<a class=\"elementor-post__thumbnail__link\" href=\"https:\/\/egea.ee\/wordpress\/kuidas-laks-lahedal-geograafiatunnil-2020-2021-aastal\/\" tabindex=\"-1\" ><div class=\"elementor-post__thumbnail\"><img loading=\"lazy\" decoding=\"async\" width=\"300\" height=\"214\" src=\"https:\/\/egea.ee\/wordpress\/wp-content\/uploads\/2021\/11\/pilt-1024x729-1-300x214.png\" class=\"attachment-medium size-medium wp-image-4269\" alt=\"\" srcset=\"https:\/\/egea.ee\/wordpress\/wp-content\/uploads\/2021\/11\/pilt-1024x729-1-300x214.png 300w, https:\/\/egea.ee\/wordpress\/wp-content\/uploads\/2021\/11\/pilt-1024x729-1-768x547.png 768w, https:\/\/egea.ee\/wordpress\/wp-content\/uploads\/2021\/11\/pilt-1024x729-1.png 1024w\" sizes=\"(max-width: 300px) 100vw, 300px\" \/><\/div><\/a>\n\t\t\t\t<div class=\"elementor-post__badge\">Lahe geograafiatund<\/div>\n\t\t\t\t<div class=\"elementor-post__text\">\n\t\t\t\t<h3 class=\"elementor-post__title\">\n\t\t\t<a href=\"https:\/\/egea.ee\/wordpress\/kuidas-laks-lahedal-geograafiatunnil-2020-2021-aastal\/\" >\n\t\t\t\tKuidas l\u00e4ks Lahedal geograafiatunnil 2020\/2021 aastal?\t\t\t<\/a>\n\t\t<\/h3>\n\t\t\t\t<div class=\"elementor-post__excerpt\">\n\t\t\t<p>Lahe geograafiatund ja selle l\u00e4biviijad on 2020\/2021. a hooajal saanud omalaadse kogemuse osaliseks. Poleks meist keegi osanud arvata, et \u00fchel hetkel on vaja klassi ees<\/p>\n\t\t<\/div>\n\t\t\n\t\t<a class=\"elementor-post__read-more\" href=\"https:\/\/egea.ee\/wordpress\/kuidas-laks-lahedal-geograafiatunnil-2020-2021-aastal\/\" aria-label=\"Read more about Kuidas l\u00e4ks Lahedal geograafiatunnil 2020\/2021 aastal?\" tabindex=\"-1\" >\n\t\t\tLoe rohkem \u00bb\t\t<\/a>\n\n\t\t\t\t<\/div>\n\t\t\t\t<div class=\"elementor-post__meta-data\">\n\t\t\t\t\t<span class=\"elementor-post-date\">\n\t\t\t30.11.21\t\t<\/span>\n\t\t\t\t<span class=\"elementor-post-avatar\">\n\t\t\tKommentaare pole\t\t<\/span>\n\t\t\t\t<\/div>\n\t\t\t\t\t<\/div>\n\t\t<\/article>\n\t\t\t\t<article class=\"elementor-post elementor-grid-item post-2732 post type-post status-publish format-standard has-post-thumbnail hentry category-uritused\">\n\t\t\t<div class=\"elementor-post__card\">\n\t\t\t\t<a class=\"elementor-post__thumbnail__link\" href=\"https:\/\/egea.ee\/wordpress\/kalalaev\/\" tabindex=\"-1\" ><div class=\"elementor-post__thumbnail\"><img loading=\"lazy\" decoding=\"async\" width=\"300\" height=\"225\" src=\"https:\/\/egea.ee\/wordpress\/wp-content\/uploads\/2021\/02\/130083443_2646740132213383_828396990665412838_o-1-300x225.jpg\" class=\"attachment-medium size-medium wp-image-4271\" alt=\"\" srcset=\"https:\/\/egea.ee\/wordpress\/wp-content\/uploads\/2021\/02\/130083443_2646740132213383_828396990665412838_o-1-300x225.jpg 300w, https:\/\/egea.ee\/wordpress\/wp-content\/uploads\/2021\/02\/130083443_2646740132213383_828396990665412838_o-1-1024x768.jpg 1024w, https:\/\/egea.ee\/wordpress\/wp-content\/uploads\/2021\/02\/130083443_2646740132213383_828396990665412838_o-1-768x576.jpg 768w, https:\/\/egea.ee\/wordpress\/wp-content\/uploads\/2021\/02\/130083443_2646740132213383_828396990665412838_o-1.jpg 1170w\" sizes=\"(max-width: 300px) 100vw, 300px\" \/><\/div><\/a>\n\t\t\t\t<div class=\"elementor-post__badge\">\u00dcritused<\/div>\n\t\t\t\t<div class=\"elementor-post__text\">\n\t\t\t\t<h3 class=\"elementor-post__title\">\n\t\t\t<a href=\"https:\/\/egea.ee\/wordpress\/kalalaev\/\" >\n\t\t\t\tReisiklubi: vaatleja elu kalalaeval\t\t\t<\/a>\n\t\t<\/h3>\n\t\t\t\t<div class=\"elementor-post__excerpt\">\n\t\t\t<p>2020. aasta viimane reisiklubi toimus 9. detsembril. Seekord oli meil k\u00fclas geograaf Reemet Okas, kes t\u00f6\u00f6tas mitu kuud kalalaeval vaatlejana. Ta j\u00f5udis seilata nii k\u00fclmal<\/p>\n\t\t<\/div>\n\t\t\n\t\t<a class=\"elementor-post__read-more\" href=\"https:\/\/egea.ee\/wordpress\/kalalaev\/\" aria-label=\"Read more about Reisiklubi: vaatleja elu kalalaeval\" tabindex=\"-1\" >\n\t\t\tLoe rohkem \u00bb\t\t<\/a>\n\n\t\t\t\t<\/div>\n\t\t\t\t<div class=\"elementor-post__meta-data\">\n\t\t\t\t\t<span class=\"elementor-post-date\">\n\t\t\t23.02.21\t\t<\/span>\n\t\t\t\t<span class=\"elementor-post-avatar\">\n\t\t\tKommentaare pole\t\t<\/span>\n\t\t\t\t<\/div>\n\t\t\t\t\t<\/div>\n\t\t<\/article>\n\t\t\t\t<article class=\"elementor-post elementor-grid-item post-2728 post type-post status-publish format-standard has-post-thumbnail hentry category-uritused\">\n\t\t\t<div class=\"elementor-post__card\">\n\t\t\t\t<a class=\"elementor-post__thumbnail__link\" href=\"https:\/\/egea.ee\/wordpress\/lotakas-on-elupaastja-2020\/\" tabindex=\"-1\" ><div class=\"elementor-post__thumbnail\"><img loading=\"lazy\" decoding=\"async\" width=\"300\" height=\"169\" src=\"https:\/\/egea.ee\/wordpress\/wp-content\/uploads\/2021\/02\/LOTAkas-2020-FB-kaanepilt-3-300x169.png\" class=\"attachment-medium size-medium wp-image-4254\" alt=\"\" srcset=\"https:\/\/egea.ee\/wordpress\/wp-content\/uploads\/2021\/02\/LOTAkas-2020-FB-kaanepilt-3-300x169.png 300w, https:\/\/egea.ee\/wordpress\/wp-content\/uploads\/2021\/02\/LOTAkas-2020-FB-kaanepilt-3-1024x576.png 1024w, https:\/\/egea.ee\/wordpress\/wp-content\/uploads\/2021\/02\/LOTAkas-2020-FB-kaanepilt-3-768x432.png 768w, https:\/\/egea.ee\/wordpress\/wp-content\/uploads\/2021\/02\/LOTAkas-2020-FB-kaanepilt-3-1536x864.png 1536w, https:\/\/egea.ee\/wordpress\/wp-content\/uploads\/2021\/02\/LOTAkas-2020-FB-kaanepilt-3.png 1920w\" sizes=\"(max-width: 300px) 100vw, 300px\" \/><\/div><\/a>\n\t\t\t\t<div class=\"elementor-post__badge\">\u00dcritused<\/div>\n\t\t\t\t<div class=\"elementor-post__text\">\n\t\t\t\t<h3 class=\"elementor-post__title\">\n\t\t\t<a href=\"https:\/\/egea.ee\/wordpress\/lotakas-on-elupaastja-2020\/\" >\n\t\t\t\tLOT\u00c4kas on elup\u00e4\u00e4stja 2020\t\t\t<\/a>\n\t\t<\/h3>\n\t\t\t\t<div class=\"elementor-post__excerpt\">\n\t\t\t<p>Vahemikus 7. kuni 18. detsember 2020 toimus EGEA-Tartu traditsiooniline vereloovutus\u00fcritus &#8220;LOT\u00c4kas on elup\u00e4\u00e4stja!&#8221;. Sel korral toimus \u00fcritus teises formaadis kui varasemalt. Nimelt ei tulnud T\u00dc<\/p>\n\t\t<\/div>\n\t\t\n\t\t<a class=\"elementor-post__read-more\" href=\"https:\/\/egea.ee\/wordpress\/lotakas-on-elupaastja-2020\/\" aria-label=\"Read more about LOT\u00c4kas on elup\u00e4\u00e4stja 2020\" tabindex=\"-1\" >\n\t\t\tLoe rohkem \u00bb\t\t<\/a>\n\n\t\t\t\t<\/div>\n\t\t\t\t<div class=\"elementor-post__meta-data\">\n\t\t\t\t\t<span class=\"elementor-post-date\">\n\t\t\t22.02.21\t\t<\/span>\n\t\t\t\t<span class=\"elementor-post-avatar\">\n\t\t\tKommentaare pole\t\t<\/span>\n\t\t\t\t<\/div>\n\t\t\t\t\t<\/div>\n\t\t<\/article>\n\t\t\t\t<article class=\"elementor-post elementor-grid-item post-2693 post type-post status-publish format-image has-post-thumbnail hentry category-matk post_format-post-format-image\">\n\t\t\t<div class=\"elementor-post__card\">\n\t\t\t\t<a class=\"elementor-post__thumbnail__link\" href=\"https:\/\/egea.ee\/wordpress\/matk-elva-urgoru-matkarajal\/\" tabindex=\"-1\" ><div class=\"elementor-post__thumbnail\"><img loading=\"lazy\" decoding=\"async\" width=\"300\" height=\"225\" src=\"https:\/\/egea.ee\/wordpress\/wp-content\/uploads\/2021\/02\/Optimized-Unknown-2-300x225.jpeg\" class=\"attachment-medium size-medium wp-image-4273\" alt=\"\" srcset=\"https:\/\/egea.ee\/wordpress\/wp-content\/uploads\/2021\/02\/Optimized-Unknown-2-300x225.jpeg 300w, https:\/\/egea.ee\/wordpress\/wp-content\/uploads\/2021\/02\/Optimized-Unknown-2-1024x767.jpeg 1024w, https:\/\/egea.ee\/wordpress\/wp-content\/uploads\/2021\/02\/Optimized-Unknown-2-768x575.jpeg 768w, https:\/\/egea.ee\/wordpress\/wp-content\/uploads\/2021\/02\/Optimized-Unknown-2.jpeg 1200w\" sizes=\"(max-width: 300px) 100vw, 300px\" \/><\/div><\/a>\n\t\t\t\t<div class=\"elementor-post__badge\">Matk<\/div>\n\t\t\t\t<div class=\"elementor-post__text\">\n\t\t\t\t<h3 class=\"elementor-post__title\">\n\t\t\t<a href=\"https:\/\/egea.ee\/wordpress\/matk-elva-urgoru-matkarajal\/\" >\n\t\t\t\tMatk Elva \u00dcrgoru matkarajal\t\t\t<\/a>\n\t\t<\/h3>\n\t\t\t\t<div class=\"elementor-post__excerpt\">\n\t\t\t<p>\u00dchel p\u00e4ikselisel ja kargel veebruarikuu p\u00fchap\u00e4eval v\u00f5tsid 21 EGEAlast ette 15 kilomeetri pikkuse talimatka Elva j\u00f5e \u00fcrgoru matkarajal. Matkal sai nautida Vitipalu m\u00f5hnastiku kumerusi ja<\/p>\n\t\t<\/div>\n\t\t\n\t\t<a class=\"elementor-post__read-more\" href=\"https:\/\/egea.ee\/wordpress\/matk-elva-urgoru-matkarajal\/\" aria-label=\"Read more about Matk Elva \u00dcrgoru matkarajal\" tabindex=\"-1\" >\n\t\t\tLoe rohkem \u00bb\t\t<\/a>\n\n\t\t\t\t<\/div>\n\t\t\t\t<div class=\"elementor-post__meta-data\">\n\t\t\t\t\t<span class=\"elementor-post-date\">\n\t\t\t16.02.21\t\t<\/span>\n\t\t\t\t<span class=\"elementor-post-avatar\">\n\t\t\tKommentaare pole\t\t<\/span>\n\t\t\t\t<\/div>\n\t\t\t\t\t<\/div>\n\t\t<\/article>\n\t\t\t\t<article class=\"elementor-post elementor-grid-item post-2663 post type-post status-publish format-image has-post-thumbnail hentry category-reisiklubi category-uritused tag-reisiklubi post_format-post-format-image\">\n\t\t\t<div class=\"elementor-post__card\">\n\t\t\t\t<a class=\"elementor-post__thumbnail__link\" href=\"https:\/\/egea.ee\/wordpress\/reisiklubi-elu-teravmagedel\/\" tabindex=\"-1\" ><div class=\"elementor-post__thumbnail\"><img loading=\"lazy\" decoding=\"async\" width=\"300\" height=\"225\" src=\"https:\/\/egea.ee\/wordpress\/wp-content\/uploads\/2020\/11\/jaakaru-300x225.jpg\" class=\"attachment-medium size-medium wp-image-5010\" alt=\"\" srcset=\"https:\/\/egea.ee\/wordpress\/wp-content\/uploads\/2020\/11\/jaakaru-300x225.jpg 300w, https:\/\/egea.ee\/wordpress\/wp-content\/uploads\/2020\/11\/jaakaru-1024x768.jpg 1024w, https:\/\/egea.ee\/wordpress\/wp-content\/uploads\/2020\/11\/jaakaru-768x576.jpg 768w, https:\/\/egea.ee\/wordpress\/wp-content\/uploads\/2020\/11\/jaakaru-1536x1152.jpg 1536w, https:\/\/egea.ee\/wordpress\/wp-content\/uploads\/2020\/11\/jaakaru-2048x1536.jpg 2048w\" sizes=\"(max-width: 300px) 100vw, 300px\" \/><\/div><\/a>\n\t\t\t\t<div class=\"elementor-post__badge\">Reisiklubi<\/div>\n\t\t\t\t<div class=\"elementor-post__text\">\n\t\t\t\t<h3 class=\"elementor-post__title\">\n\t\t\t<a href=\"https:\/\/egea.ee\/wordpress\/reisiklubi-elu-teravmagedel\/\" >\n\t\t\t\tReisiklubi: elu Teravm\u00e4gedel\t\t\t<\/a>\n\t\t<\/h3>\n\t\t\t\t<div class=\"elementor-post__excerpt\">\n\t\t\t<p>Selle \u00f5ppeaasta esimene reisiklubi toimus 3. novembril 2020 EGEA-Tartu ja Tartu \u00dcli\u00f5pilaste Looduskaitseringi koost\u00f6\u00f6 tulemusena! \u00d5htu t\u00e4heks oli bioloogiatudeng Lisanne N\u00e4\u00e4b, kes veetis pool aastat Teravm\u00e4gedel \u00f5ppides ja teadust tehes.<\/p>\n\t\t<\/div>\n\t\t\n\t\t<a class=\"elementor-post__read-more\" href=\"https:\/\/egea.ee\/wordpress\/reisiklubi-elu-teravmagedel\/\" aria-label=\"Read more about Reisiklubi: elu Teravm\u00e4gedel\" tabindex=\"-1\" >\n\t\t\tLoe rohkem \u00bb\t\t<\/a>\n\n\t\t\t\t<\/div>\n\t\t\t\t<div class=\"elementor-post__meta-data\">\n\t\t\t\t\t<span class=\"elementor-post-date\">\n\t\t\t29.11.20\t\t<\/span>\n\t\t\t\t<span class=\"elementor-post-avatar\">\n\t\t\tKommentaare pole\t\t<\/span>\n\t\t\t\t<\/div>\n\t\t\t\t\t<\/div>\n\t\t<\/article>\n\t\t\t\t<article class=\"elementor-post elementor-grid-item post-2623 post type-post status-publish format-standard has-post-thumbnail hentry category-uritused\">\n\t\t\t<div class=\"elementor-post__card\">\n\t\t\t\t<a class=\"elementor-post__thumbnail__link\" href=\"https:\/\/egea.ee\/wordpress\/tagasivaade-tudengipaevadele\/\" tabindex=\"-1\" ><div class=\"elementor-post__thumbnail\"><img loading=\"lazy\" decoding=\"async\" width=\"300\" height=\"225\" src=\"https:\/\/egea.ee\/wordpress\/wp-content\/uploads\/2020\/10\/IMG_7599-1-1-300x225.jpg\" class=\"attachment-medium size-medium wp-image-5011\" alt=\"\" srcset=\"https:\/\/egea.ee\/wordpress\/wp-content\/uploads\/2020\/10\/IMG_7599-1-1-300x225.jpg 300w, https:\/\/egea.ee\/wordpress\/wp-content\/uploads\/2020\/10\/IMG_7599-1-1-1024x768.jpg 1024w, https:\/\/egea.ee\/wordpress\/wp-content\/uploads\/2020\/10\/IMG_7599-1-1-768x576.jpg 768w, https:\/\/egea.ee\/wordpress\/wp-content\/uploads\/2020\/10\/IMG_7599-1-1-1536x1152.jpg 1536w, https:\/\/egea.ee\/wordpress\/wp-content\/uploads\/2020\/10\/IMG_7599-1-1-2048x1536.jpg 2048w\" sizes=\"(max-width: 300px) 100vw, 300px\" \/><\/div><\/a>\n\t\t\t\t<div class=\"elementor-post__badge\">\u00dcritused<\/div>\n\t\t\t\t<div class=\"elementor-post__text\">\n\t\t\t\t<h3 class=\"elementor-post__title\">\n\t\t\t<a href=\"https:\/\/egea.ee\/wordpress\/tagasivaade-tudengipaevadele\/\" >\n\t\t\t\tTagasivaade Tudengip\u00e4evadele\t\t\t<\/a>\n\t\t<\/h3>\n\t\t\t\t<div class=\"elementor-post__excerpt\">\n\t\t\t<p>M\u00f6\u00f6dunud on j\u00e4rjekordsed s\u00fcgisesed Tudengip\u00e4evad! N\u00e4dal t\u00e4is tegevust nii korraldajatele, osav\u00f5tjatele kui ka usinatele sponsoritele, ilma kelleta poleks saanud \u00fcritused toimuda, v\u00f5imaldasid alustada k\u00e4esolevat \u00f5ppeaastat<\/p>\n\t\t<\/div>\n\t\t\n\t\t<a class=\"elementor-post__read-more\" href=\"https:\/\/egea.ee\/wordpress\/tagasivaade-tudengipaevadele\/\" aria-label=\"Read more about Tagasivaade Tudengip\u00e4evadele\" tabindex=\"-1\" >\n\t\t\tLoe rohkem \u00bb\t\t<\/a>\n\n\t\t\t\t<\/div>\n\t\t\t\t<div class=\"elementor-post__meta-data\">\n\t\t\t\t\t<span class=\"elementor-post-date\">\n\t\t\t16.10.20\t\t<\/span>\n\t\t\t\t<span class=\"elementor-post-avatar\">\n\t\t\tKommentaare pole\t\t<\/span>\n\t\t\t\t<\/div>\n\t\t\t\t\t<\/div>\n\t\t<\/article>\n\t\t\t\t<article class=\"elementor-post elementor-grid-item post-2542 post type-post status-publish format-standard has-post-thumbnail hentry category-winter-weekend\">\n\t\t\t<div class=\"elementor-post__card\">\n\t\t\t\t<a class=\"elementor-post__thumbnail__link\" href=\"https:\/\/egea.ee\/wordpress\/winter-weekend-2020\/\" tabindex=\"-1\" ><div class=\"elementor-post__thumbnail\"><img loading=\"lazy\" decoding=\"async\" width=\"225\" height=\"300\" src=\"https:\/\/egea.ee\/wordpress\/wp-content\/uploads\/2023\/05\/ww2020-225x300.jpg\" class=\"attachment-medium size-medium wp-image-1062\" alt=\"Winter weekend 2020\" srcset=\"https:\/\/egea.ee\/wordpress\/wp-content\/uploads\/2023\/05\/ww2020-225x300.jpg 225w, https:\/\/egea.ee\/wordpress\/wp-content\/uploads\/2023\/05\/ww2020-768x1024.jpg 768w, https:\/\/egea.ee\/wordpress\/wp-content\/uploads\/2023\/05\/ww2020-1152x1536.jpg 1152w, https:\/\/egea.ee\/wordpress\/wp-content\/uploads\/2023\/05\/ww2020-1536x2048.jpg 1536w, https:\/\/egea.ee\/wordpress\/wp-content\/uploads\/2023\/05\/ww2020-scaled.jpg 1920w\" sizes=\"(max-width: 225px) 100vw, 225px\" \/><\/div><\/a>\n\t\t\t\t<div class=\"elementor-post__badge\">Winter Weekend<\/div>\n\t\t\t\t<div class=\"elementor-post__text\">\n\t\t\t\t<h3 class=\"elementor-post__title\">\n\t\t\t<a href=\"https:\/\/egea.ee\/wordpress\/winter-weekend-2020\/\" >\n\t\t\t\tWinter Weekend 2020\t\t\t<\/a>\n\t\t<\/h3>\n\t\t\t\t<div class=\"elementor-post__excerpt\">\n\t\t\t<p>Tekst: Janely Kangur Pildid: Helena Maarja Lainj\u00e4rv 15.-16. veebruaril toimus traditsiooniline Winter Weekend. Koosviibimine leidis aset Pedajam\u00e4e k\u00fclas kaunil Otep\u00e4\u00e4 k\u00f5rgustikul, kus meid lahkelt v\u00f5\u00f5rustas<\/p>\n\t\t<\/div>\n\t\t\n\t\t<a class=\"elementor-post__read-more\" href=\"https:\/\/egea.ee\/wordpress\/winter-weekend-2020\/\" aria-label=\"Read more about Winter Weekend 2020\" tabindex=\"-1\" >\n\t\t\tLoe rohkem \u00bb\t\t<\/a>\n\n\t\t\t\t<\/div>\n\t\t\t\t<div class=\"elementor-post__meta-data\">\n\t\t\t\t\t<span class=\"elementor-post-date\">\n\t\t\t18.02.20\t\t<\/span>\n\t\t\t\t<span class=\"elementor-post-avatar\">\n\t\t\tKommentaare pole\t\t<\/span>\n\t\t\t\t<\/div>\n\t\t\t\t\t<\/div>\n\t\t<\/article>\n\t\t\t\t<article class=\"elementor-post elementor-grid-item post-2496 post type-post status-publish format-standard has-post-thumbnail hentry category-uritused\">\n\t\t\t<div class=\"elementor-post__card\">\n\t\t\t\t<a class=\"elementor-post__thumbnail__link\" href=\"https:\/\/egea.ee\/wordpress\/lotakas-on-elupaastja-2019\/\" tabindex=\"-1\" ><div class=\"elementor-post__thumbnail\"><img loading=\"lazy\" decoding=\"async\" width=\"300\" height=\"240\" src=\"https:\/\/egea.ee\/wordpress\/wp-content\/uploads\/2019\/12\/3E793BDB-45EC-4E78-9F46-9F5F22F8B5A8-1-300x240.png\" class=\"attachment-medium size-medium wp-image-5013\" alt=\"\" srcset=\"https:\/\/egea.ee\/wordpress\/wp-content\/uploads\/2019\/12\/3E793BDB-45EC-4E78-9F46-9F5F22F8B5A8-1-300x240.png 300w, https:\/\/egea.ee\/wordpress\/wp-content\/uploads\/2019\/12\/3E793BDB-45EC-4E78-9F46-9F5F22F8B5A8-1.png 500w\" sizes=\"(max-width: 300px) 100vw, 300px\" \/><\/div><\/a>\n\t\t\t\t<div class=\"elementor-post__badge\">\u00dcritused<\/div>\n\t\t\t\t<div class=\"elementor-post__text\">\n\t\t\t\t<h3 class=\"elementor-post__title\">\n\t\t\t<a href=\"https:\/\/egea.ee\/wordpress\/lotakas-on-elupaastja-2019\/\" >\n\t\t\t\tLOT\u00c4kas on elup\u00e4\u00e4stja 2019\t\t\t<\/a>\n\t\t<\/h3>\n\t\t\t\t<div class=\"elementor-post__excerpt\">\n\t\t\t<p>Tekst: Joosep Truup\u00f5ld 18. detsembril 2019 kutsusid geograafiatudengid ja Tartu \u00dclikooli Verekeskus loodus- ning t\u00e4ppisteaduste valdkonna \u00fcli\u00f5pilasi, \u00f5pppej\u00f5ude, t\u00f6\u00f6tajaid, vilistlasi ja s\u00f5pru \u00fchiselt verd loovutama.<\/p>\n\t\t<\/div>\n\t\t\n\t\t<a class=\"elementor-post__read-more\" href=\"https:\/\/egea.ee\/wordpress\/lotakas-on-elupaastja-2019\/\" aria-label=\"Read more about LOT\u00c4kas on elup\u00e4\u00e4stja 2019\" tabindex=\"-1\" >\n\t\t\tLoe rohkem \u00bb\t\t<\/a>\n\n\t\t\t\t<\/div>\n\t\t\t\t<div class=\"elementor-post__meta-data\">\n\t\t\t\t\t<span class=\"elementor-post-date\">\n\t\t\t29.12.19\t\t<\/span>\n\t\t\t\t<span class=\"elementor-post-avatar\">\n\t\t\tKommentaare pole\t\t<\/span>\n\t\t\t\t<\/div>\n\t\t\t\t\t<\/div>\n\t\t<\/article>\n\t\t\t\t<article class=\"elementor-post elementor-grid-item post-2486 post type-post status-publish format-standard has-post-thumbnail hentry category-uritused\">\n\t\t\t<div class=\"elementor-post__card\">\n\t\t\t\t<a class=\"elementor-post__thumbnail__link\" href=\"https:\/\/egea.ee\/wordpress\/geograafia-100-juubelikonverents-ja-pidu\/\" tabindex=\"-1\" ><div class=\"elementor-post__thumbnail\"><img loading=\"lazy\" decoding=\"async\" width=\"300\" height=\"255\" src=\"https:\/\/egea.ee\/wordpress\/wp-content\/uploads\/2019\/12\/geo100_5-1-300x255.jpg\" class=\"attachment-medium size-medium wp-image-5020\" alt=\"\" srcset=\"https:\/\/egea.ee\/wordpress\/wp-content\/uploads\/2019\/12\/geo100_5-1-300x255.jpg 300w, https:\/\/egea.ee\/wordpress\/wp-content\/uploads\/2019\/12\/geo100_5-1-768x652.jpg 768w, https:\/\/egea.ee\/wordpress\/wp-content\/uploads\/2019\/12\/geo100_5-1.jpg 960w\" sizes=\"(max-width: 300px) 100vw, 300px\" \/><\/div><\/a>\n\t\t\t\t<div class=\"elementor-post__badge\">\u00dcritused<\/div>\n\t\t\t\t<div class=\"elementor-post__text\">\n\t\t\t\t<h3 class=\"elementor-post__title\">\n\t\t\t<a href=\"https:\/\/egea.ee\/wordpress\/geograafia-100-juubelikonverents-ja-pidu\/\" >\n\t\t\t\tGeograafia 100 juubelikonverents ja -pidu\t\t\t<\/a>\n\t\t<\/h3>\n\t\t\t\t<div class=\"elementor-post__excerpt\">\n\t\t\t<p>Tekst: Kristo Kask Pildid: Andres Tennus ja Janar Lind 7. detsembril 2019 oli Tartu \u00dclikooli geograafia osakonnas t\u00e4htis pidup\u00e4ev. M\u00f6\u00f6dus sada aastat hetkest, mil Tartu<\/p>\n\t\t<\/div>\n\t\t\n\t\t<a class=\"elementor-post__read-more\" href=\"https:\/\/egea.ee\/wordpress\/geograafia-100-juubelikonverents-ja-pidu\/\" aria-label=\"Read more about Geograafia 100 juubelikonverents ja -pidu\" tabindex=\"-1\" >\n\t\t\tLoe rohkem \u00bb\t\t<\/a>\n\n\t\t\t\t<\/div>\n\t\t\t\t<div class=\"elementor-post__meta-data\">\n\t\t\t\t\t<span class=\"elementor-post-date\">\n\t\t\t24.12.19\t\t<\/span>\n\t\t\t\t<span class=\"elementor-post-avatar\">\n\t\t\tKommentaare pole\t\t<\/span>\n\t\t\t\t<\/div>\n\t\t\t\t\t<\/div>\n\t\t<\/article>\n\t\t\t\t<article class=\"elementor-post elementor-grid-item post-2446 post type-post status-publish format-standard has-post-thumbnail hentry category-lahe-geograafiatund\">\n\t\t\t<div class=\"elementor-post__card\">\n\t\t\t\t<a class=\"elementor-post__thumbnail__link\" href=\"https:\/\/egea.ee\/wordpress\/koige-lahedam-koolitund\/\" tabindex=\"-1\" ><div class=\"elementor-post__thumbnail\"><img loading=\"lazy\" decoding=\"async\" width=\"300\" height=\"200\" src=\"https:\/\/egea.ee\/wordpress\/wp-content\/uploads\/2019\/12\/1_gis5-600x400-1-300x200.jpg\" class=\"attachment-medium size-medium wp-image-5022\" alt=\"\" srcset=\"https:\/\/egea.ee\/wordpress\/wp-content\/uploads\/2019\/12\/1_gis5-600x400-1-300x200.jpg 300w, https:\/\/egea.ee\/wordpress\/wp-content\/uploads\/2019\/12\/1_gis5-600x400-1.jpg 600w\" sizes=\"(max-width: 300px) 100vw, 300px\" \/><\/div><\/a>\n\t\t\t\t<div class=\"elementor-post__badge\">Lahe geograafiatund<\/div>\n\t\t\t\t<div class=\"elementor-post__text\">\n\t\t\t\t<h3 class=\"elementor-post__title\">\n\t\t\t<a href=\"https:\/\/egea.ee\/wordpress\/koige-lahedam-koolitund\/\" >\n\t\t\t\tK\u00f5ige lahedam koolitund?\t\t\t<\/a>\n\t\t<\/h3>\n\t\t\t\t<div class=\"elementor-post__excerpt\">\n\t\t\t<p>Kas Sina oled juba kuulnud v\u00f5i osa saanud Lahedast geograafiatunnist? 2013. aastal alguse saanud idee on t\u00e4naseks m\u00e4rgatavalt arenenud ja kasvanud on nii meie enda<\/p>\n\t\t<\/div>\n\t\t\n\t\t<a class=\"elementor-post__read-more\" href=\"https:\/\/egea.ee\/wordpress\/koige-lahedam-koolitund\/\" aria-label=\"Read more about K\u00f5ige lahedam koolitund?\" tabindex=\"-1\" >\n\t\t\tLoe rohkem \u00bb\t\t<\/a>\n\n\t\t\t\t<\/div>\n\t\t\t\t<div class=\"elementor-post__meta-data\">\n\t\t\t\t\t<span class=\"elementor-post-date\">\n\t\t\t14.12.19\t\t<\/span>\n\t\t\t\t<span class=\"elementor-post-avatar\">\n\t\t\tKommentaare pole\t\t<\/span>\n\t\t\t\t<\/div>\n\t\t\t\t\t<\/div>\n\t\t<\/article>\n\t\t\t\t<article class=\"elementor-post elementor-grid-item post-2470 post type-post status-publish format-standard has-post-thumbnail hentry category-uritused\">\n\t\t\t<div class=\"elementor-post__card\">\n\t\t\t\t<a class=\"elementor-post__thumbnail__link\" href=\"https:\/\/egea.ee\/wordpress\/newbie-weekend-2019-surgaveres\/\" tabindex=\"-1\" ><div class=\"elementor-post__thumbnail\"><img loading=\"lazy\" decoding=\"async\" width=\"300\" height=\"225\" src=\"https:\/\/egea.ee\/wordpress\/wp-content\/uploads\/2019\/12\/new4-1-300x225.jpg\" class=\"attachment-medium size-medium wp-image-5023\" alt=\"\" srcset=\"https:\/\/egea.ee\/wordpress\/wp-content\/uploads\/2019\/12\/new4-1-300x225.jpg 300w, https:\/\/egea.ee\/wordpress\/wp-content\/uploads\/2019\/12\/new4-1-1024x768.jpg 1024w, https:\/\/egea.ee\/wordpress\/wp-content\/uploads\/2019\/12\/new4-1-768x576.jpg 768w, https:\/\/egea.ee\/wordpress\/wp-content\/uploads\/2019\/12\/new4-1.jpg 1280w\" sizes=\"(max-width: 300px) 100vw, 300px\" \/><\/div><\/a>\n\t\t\t\t<div class=\"elementor-post__badge\">\u00dcritused<\/div>\n\t\t\t\t<div class=\"elementor-post__text\">\n\t\t\t\t<h3 class=\"elementor-post__title\">\n\t\t\t<a href=\"https:\/\/egea.ee\/wordpress\/newbie-weekend-2019-surgaveres\/\" >\n\t\t\t\tNewbie Weekend 2019 S\u00fcrgaveres\t\t\t<\/a>\n\t\t<\/h3>\n\t\t\t\t<div class=\"elementor-post__excerpt\">\n\t\t\t<p>EGEA-Tartu 30. s\u00fcnnip\u00e4ev sai hiljuti t\u00e4iendust veel \u00fche rahvusvahelise \u00fcrituse, Newbie Weekendi, n\u00e4ol. 29.11-01.12 v\u00f5\u00f5rustasime S\u00fcrgaveres 21 EGEA noorliiget Soomest, Venemaalt, Hollandist, Saksamaalt ja, \u00fcllatus-\u00fcllatus,<\/p>\n\t\t<\/div>\n\t\t\n\t\t<a class=\"elementor-post__read-more\" href=\"https:\/\/egea.ee\/wordpress\/newbie-weekend-2019-surgaveres\/\" aria-label=\"Read more about Newbie Weekend 2019 S\u00fcrgaveres\" tabindex=\"-1\" >\n\t\t\tLoe rohkem \u00bb\t\t<\/a>\n\n\t\t\t\t<\/div>\n\t\t\t\t<div class=\"elementor-post__meta-data\">\n\t\t\t\t\t<span class=\"elementor-post-date\">\n\t\t\t12.12.19\t\t<\/span>\n\t\t\t\t<span class=\"elementor-post-avatar\">\n\t\t\tKommentaare pole\t\t<\/span>\n\t\t\t\t<\/div>\n\t\t\t\t\t<\/div>\n\t\t<\/article>\n\t\t\t\t<article class=\"elementor-post elementor-grid-item post-2361 post type-post status-publish format-standard has-post-thumbnail hentry category-uritused\">\n\t\t\t<div class=\"elementor-post__card\">\n\t\t\t\t<a class=\"elementor-post__thumbnail__link\" href=\"https:\/\/egea.ee\/wordpress\/kliimamuutus-ja-uhiskondlik-kollaps\/\" tabindex=\"-1\" ><div class=\"elementor-post__thumbnail\"><img loading=\"lazy\" decoding=\"async\" width=\"300\" height=\"200\" src=\"https:\/\/egea.ee\/wordpress\/wp-content\/uploads\/2019\/10\/70955126_161373865013775_8145532971359779758_n-300x200.jpg\" class=\"attachment-medium size-medium wp-image-5042\" alt=\"\" srcset=\"https:\/\/egea.ee\/wordpress\/wp-content\/uploads\/2019\/10\/70955126_161373865013775_8145532971359779758_n-300x200.jpg 300w, https:\/\/egea.ee\/wordpress\/wp-content\/uploads\/2019\/10\/70955126_161373865013775_8145532971359779758_n-1024x682.jpg 1024w, https:\/\/egea.ee\/wordpress\/wp-content\/uploads\/2019\/10\/70955126_161373865013775_8145532971359779758_n-768x511.jpg 768w, https:\/\/egea.ee\/wordpress\/wp-content\/uploads\/2019\/10\/70955126_161373865013775_8145532971359779758_n.jpg 1080w\" sizes=\"(max-width: 300px) 100vw, 300px\" \/><\/div><\/a>\n\t\t\t\t<div class=\"elementor-post__badge\">\u00dcritused<\/div>\n\t\t\t\t<div class=\"elementor-post__text\">\n\t\t\t\t<h3 class=\"elementor-post__title\">\n\t\t\t<a href=\"https:\/\/egea.ee\/wordpress\/kliimamuutus-ja-uhiskondlik-kollaps\/\" >\n\t\t\t\tKliimamuutus ja \u00fchiskondlik kollaps\t\t\t<\/a>\n\t\t<\/h3>\n\t\t\t\t<div class=\"elementor-post__excerpt\">\n\t\t\t<p>Ent meie \u00fclesanne ei ole mitte valitseda k\u00f5iki maailma hoovusi, vaid muuta paremaks neid aastaid, kuhu meid on pandud, juurida v\u00e4lja kurja neil p\u00f5ldudel, mida<\/p>\n\t\t<\/div>\n\t\t\n\t\t<a class=\"elementor-post__read-more\" href=\"https:\/\/egea.ee\/wordpress\/kliimamuutus-ja-uhiskondlik-kollaps\/\" aria-label=\"Read more about Kliimamuutus ja \u00fchiskondlik kollaps\" tabindex=\"-1\" >\n\t\t\tLoe rohkem \u00bb\t\t<\/a>\n\n\t\t\t\t<\/div>\n\t\t\t\t<div class=\"elementor-post__meta-data\">\n\t\t\t\t\t<span class=\"elementor-post-date\">\n\t\t\t03.10.19\t\t<\/span>\n\t\t\t\t<span class=\"elementor-post-avatar\">\n\t\t\tKommentaare pole\t\t<\/span>\n\t\t\t\t<\/div>\n\t\t\t\t\t<\/div>\n\t\t<\/article>\n\t\t\t\t<article class=\"elementor-post elementor-grid-item post-2308 post type-post status-publish format-standard has-post-thumbnail hentry category-baltic-weekend\">\n\t\t\t<div class=\"elementor-post__card\">\n\t\t\t\t<a class=\"elementor-post__thumbnail__link\" href=\"https:\/\/egea.ee\/wordpress\/baltic-weekend-2019-earthlike-estonian-experience\/\" tabindex=\"-1\" ><div class=\"elementor-post__thumbnail\"><img loading=\"lazy\" decoding=\"async\" width=\"300\" height=\"200\" src=\"https:\/\/egea.ee\/wordpress\/wp-content\/uploads\/2019\/08\/69133727_2265168813703852_7570404253232005120_n-300x200.jpg\" class=\"attachment-medium size-medium wp-image-5026\" alt=\"\" srcset=\"https:\/\/egea.ee\/wordpress\/wp-content\/uploads\/2019\/08\/69133727_2265168813703852_7570404253232005120_n-300x200.jpg 300w, https:\/\/egea.ee\/wordpress\/wp-content\/uploads\/2019\/08\/69133727_2265168813703852_7570404253232005120_n-1024x683.jpg 1024w, https:\/\/egea.ee\/wordpress\/wp-content\/uploads\/2019\/08\/69133727_2265168813703852_7570404253232005120_n-768x512.jpg 768w, https:\/\/egea.ee\/wordpress\/wp-content\/uploads\/2019\/08\/69133727_2265168813703852_7570404253232005120_n-1536x1024.jpg 1536w, https:\/\/egea.ee\/wordpress\/wp-content\/uploads\/2019\/08\/69133727_2265168813703852_7570404253232005120_n.jpg 2048w\" sizes=\"(max-width: 300px) 100vw, 300px\" \/><\/div><\/a>\n\t\t\t\t<div class=\"elementor-post__badge\">Baltic Weekend<\/div>\n\t\t\t\t<div class=\"elementor-post__text\">\n\t\t\t\t<h3 class=\"elementor-post__title\">\n\t\t\t<a href=\"https:\/\/egea.ee\/wordpress\/baltic-weekend-2019-earthlike-estonian-experience\/\" >\n\t\t\t\tBaltic Weekend 2019: Earthlike Estonian Experience\t\t\t<\/a>\n\t\t<\/h3>\n\t\t\t\t<div class=\"elementor-post__excerpt\">\n\t\t\t<p>\u00d6\u00f6d on siin mustad. Nii on alati olnud. Ja seet\u00f5ttu on meie esivanemad juba aastasadu pirruvalgel jutustanud lugusid koduk\u00e4ijatest, libahuntidest ja maa-alustest. On jutustanud, ja<\/p>\n\t\t<\/div>\n\t\t\n\t\t<a class=\"elementor-post__read-more\" href=\"https:\/\/egea.ee\/wordpress\/baltic-weekend-2019-earthlike-estonian-experience\/\" aria-label=\"Read more about Baltic Weekend 2019: Earthlike Estonian Experience\" tabindex=\"-1\" >\n\t\t\tLoe rohkem \u00bb\t\t<\/a>\n\n\t\t\t\t<\/div>\n\t\t\t\t<div class=\"elementor-post__meta-data\">\n\t\t\t\t\t<span class=\"elementor-post-date\">\n\t\t\t25.08.19\t\t<\/span>\n\t\t\t\t<span class=\"elementor-post-avatar\">\n\t\t\tKommentaare pole\t\t<\/span>\n\t\t\t\t<\/div>\n\t\t\t\t\t<\/div>\n\t\t<\/article>\n\t\t\t\t<article class=\"elementor-post elementor-grid-item post-2264 post type-post status-publish format-standard has-post-thumbnail hentry category-kongress\">\n\t\t\t<div class=\"elementor-post__card\">\n\t\t\t\t<a class=\"elementor-post__thumbnail__link\" href=\"https:\/\/egea.ee\/wordpress\/euromed-regional-congress-malta-2019\/\" tabindex=\"-1\" ><div class=\"elementor-post__thumbnail\"><img loading=\"lazy\" decoding=\"async\" width=\"300\" height=\"169\" src=\"https:\/\/egea.ee\/wordpress\/wp-content\/uploads\/2019\/04\/IMG_4817-300x169.jpg\" class=\"attachment-medium size-medium wp-image-5028\" alt=\"\" srcset=\"https:\/\/egea.ee\/wordpress\/wp-content\/uploads\/2019\/04\/IMG_4817-300x169.jpg 300w, https:\/\/egea.ee\/wordpress\/wp-content\/uploads\/2019\/04\/IMG_4817-1024x576.jpg 1024w, https:\/\/egea.ee\/wordpress\/wp-content\/uploads\/2019\/04\/IMG_4817-768x432.jpg 768w, https:\/\/egea.ee\/wordpress\/wp-content\/uploads\/2019\/04\/IMG_4817-1536x864.jpg 1536w, https:\/\/egea.ee\/wordpress\/wp-content\/uploads\/2019\/04\/IMG_4817.jpg 1920w\" sizes=\"(max-width: 300px) 100vw, 300px\" \/><\/div><\/a>\n\t\t\t\t<div class=\"elementor-post__badge\">Kongress<\/div>\n\t\t\t\t<div class=\"elementor-post__text\">\n\t\t\t\t<h3 class=\"elementor-post__title\">\n\t\t\t<a href=\"https:\/\/egea.ee\/wordpress\/euromed-regional-congress-malta-2019\/\" >\n\t\t\t\tEuroMed Regional Congress Malta 2019\t\t\t<\/a>\n\t\t<\/h3>\n\t\t\t\t<div class=\"elementor-post__excerpt\">\n\t\t\t<p>EuroMed Kongress toimus seekord p\u00e4ikeselisel Maltal. EGEA-Tartut esindasid kogenud kala Marie ja Margarita, kelle jaoks oli tegu esimese kongressiga. S\u00fcndmus leidis aset 14.-19. aprill, mille<\/p>\n\t\t<\/div>\n\t\t\n\t\t<a class=\"elementor-post__read-more\" href=\"https:\/\/egea.ee\/wordpress\/euromed-regional-congress-malta-2019\/\" aria-label=\"Read more about EuroMed Regional Congress Malta 2019\" tabindex=\"-1\" >\n\t\t\tLoe rohkem \u00bb\t\t<\/a>\n\n\t\t\t\t<\/div>\n\t\t\t\t<div class=\"elementor-post__meta-data\">\n\t\t\t\t\t<span class=\"elementor-post-date\">\n\t\t\t21.04.19\t\t<\/span>\n\t\t\t\t<span class=\"elementor-post-avatar\">\n\t\t\tKommentaare pole\t\t<\/span>\n\t\t\t\t<\/div>\n\t\t\t\t\t<\/div>\n\t\t<\/article>\n\t\t\t\t<article class=\"elementor-post elementor-grid-item post-2179 post type-post status-publish format-standard has-post-thumbnail hentry category-reisiklubi\">\n\t\t\t<div class=\"elementor-post__card\">\n\t\t\t\t<a class=\"elementor-post__thumbnail__link\" href=\"https:\/\/egea.ee\/wordpress\/reisiklubi-louna-ameerika\/\" tabindex=\"-1\" ><div class=\"elementor-post__thumbnail\"><img loading=\"lazy\" decoding=\"async\" width=\"300\" height=\"225\" src=\"https:\/\/egea.ee\/wordpress\/wp-content\/uploads\/2019\/03\/53712809_338093573509436_8012891042699280384_n-1-300x225.jpg\" class=\"attachment-medium size-medium wp-image-5033\" alt=\"\" srcset=\"https:\/\/egea.ee\/wordpress\/wp-content\/uploads\/2019\/03\/53712809_338093573509436_8012891042699280384_n-1-300x225.jpg 300w, https:\/\/egea.ee\/wordpress\/wp-content\/uploads\/2019\/03\/53712809_338093573509436_8012891042699280384_n-1-1024x768.jpg 1024w, https:\/\/egea.ee\/wordpress\/wp-content\/uploads\/2019\/03\/53712809_338093573509436_8012891042699280384_n-1-768x576.jpg 768w, https:\/\/egea.ee\/wordpress\/wp-content\/uploads\/2019\/03\/53712809_338093573509436_8012891042699280384_n-1-1536x1152.jpg 1536w, https:\/\/egea.ee\/wordpress\/wp-content\/uploads\/2019\/03\/53712809_338093573509436_8012891042699280384_n-1.jpg 1548w\" sizes=\"(max-width: 300px) 100vw, 300px\" \/><\/div><\/a>\n\t\t\t\t<div class=\"elementor-post__badge\">Reisiklubi<\/div>\n\t\t\t\t<div class=\"elementor-post__text\">\n\t\t\t\t<h3 class=\"elementor-post__title\">\n\t\t\t<a href=\"https:\/\/egea.ee\/wordpress\/reisiklubi-louna-ameerika\/\" >\n\t\t\t\tReisiklubi \u2013 L\u00f5una-Ameerika\t\t\t<\/a>\n\t\t<\/h3>\n\t\t\t\t<div class=\"elementor-post__excerpt\">\n\t\t\t<p>Selle \u00f5ppeaasta teine reisiklubi toimus m\u00e4rtsi keskpaigas, 13. m\u00e4rtsil 2019. \u00a0Reisiklubi n\u00e4ol on tegemist EGEA-Tartu traditsioonilise \u00fcritusega, kus erinevad, kuid enamasti kuidagi geograafia erialaga seotud<\/p>\n\t\t<\/div>\n\t\t\n\t\t<a class=\"elementor-post__read-more\" href=\"https:\/\/egea.ee\/wordpress\/reisiklubi-louna-ameerika\/\" aria-label=\"Read more about Reisiklubi \u2013 L\u00f5una-Ameerika\" tabindex=\"-1\" >\n\t\t\tLoe rohkem \u00bb\t\t<\/a>\n\n\t\t\t\t<\/div>\n\t\t\t\t<div class=\"elementor-post__meta-data\">\n\t\t\t\t\t<span class=\"elementor-post-date\">\n\t\t\t21.03.19\t\t<\/span>\n\t\t\t\t<span class=\"elementor-post-avatar\">\n\t\t\tKommentaare pole\t\t<\/span>\n\t\t\t\t<\/div>\n\t\t\t\t\t<\/div>\n\t\t<\/article>\n\t\t\t\t<article class=\"elementor-post elementor-grid-item post-2092 post type-post status-publish format-standard has-post-thumbnail hentry category-lahe-geograafiatund\">\n\t\t\t<div class=\"elementor-post__card\">\n\t\t\t\t<a class=\"elementor-post__thumbnail__link\" href=\"https:\/\/egea.ee\/wordpress\/2018-lahe-geograafiatund\/\" tabindex=\"-1\" ><div class=\"elementor-post__thumbnail\"><img loading=\"lazy\" decoding=\"async\" width=\"300\" height=\"300\" src=\"https:\/\/egea.ee\/wordpress\/wp-content\/uploads\/2019\/01\/collage-1-300x300.jpg\" class=\"attachment-medium size-medium wp-image-5050\" alt=\"\" srcset=\"https:\/\/egea.ee\/wordpress\/wp-content\/uploads\/2019\/01\/collage-1-300x300.jpg 300w, https:\/\/egea.ee\/wordpress\/wp-content\/uploads\/2019\/01\/collage-1-150x150.jpg 150w, https:\/\/egea.ee\/wordpress\/wp-content\/uploads\/2019\/01\/collage-1-768x768.jpg 768w, https:\/\/egea.ee\/wordpress\/wp-content\/uploads\/2019\/01\/collage-1.jpg 1000w\" sizes=\"(max-width: 300px) 100vw, 300px\" \/><\/div><\/a>\n\t\t\t\t<div class=\"elementor-post__badge\">Lahe geograafiatund<\/div>\n\t\t\t\t<div class=\"elementor-post__text\">\n\t\t\t\t<h3 class=\"elementor-post__title\">\n\t\t\t<a href=\"https:\/\/egea.ee\/wordpress\/2018-lahe-geograafiatund\/\" >\n\t\t\t\tLahe geograafiatund 2018\t\t\t<\/a>\n\t\t<\/h3>\n\t\t\t\t<div class=\"elementor-post__excerpt\">\n\t\t\t<p>Ei tea, millega need geograafiatudengid k\u00fcll vabal ajal tegelevad? &#8211; K\u00e4ivad koolides. T\u00f5sijutt. 2013. aastal alguse saanud idee Lahedast geograafiatunnist on t\u00f5eliselt tuule tiibadesse saanud.<\/p>\n\t\t<\/div>\n\t\t\n\t\t<a class=\"elementor-post__read-more\" href=\"https:\/\/egea.ee\/wordpress\/2018-lahe-geograafiatund\/\" aria-label=\"Read more about Lahe geograafiatund 2018\" tabindex=\"-1\" >\n\t\t\tLoe rohkem \u00bb\t\t<\/a>\n\n\t\t\t\t<\/div>\n\t\t\t\t<div class=\"elementor-post__meta-data\">\n\t\t\t\t\t<span class=\"elementor-post-date\">\n\t\t\t31.01.19\t\t<\/span>\n\t\t\t\t<span class=\"elementor-post-avatar\">\n\t\t\tKommentaare pole\t\t<\/span>\n\t\t\t\t<\/div>\n\t\t\t\t\t<\/div>\n\t\t<\/article>\n\t\t\t\t<article class=\"elementor-post elementor-grid-item post-2059 post type-post status-publish format-standard has-post-thumbnail hentry category-uritused\">\n\t\t\t<div class=\"elementor-post__card\">\n\t\t\t\t<a class=\"elementor-post__thumbnail__link\" href=\"https:\/\/egea.ee\/wordpress\/tagasivaade-piparkoogiohtule\/\" tabindex=\"-1\" ><div class=\"elementor-post__thumbnail\"><img loading=\"lazy\" decoding=\"async\" width=\"300\" height=\"208\" src=\"https:\/\/egea.ee\/wordpress\/wp-content\/uploads\/2018\/12\/piparkoogid-1-1-300x208.jpg\" class=\"attachment-medium size-medium wp-image-5037\" alt=\"\" srcset=\"https:\/\/egea.ee\/wordpress\/wp-content\/uploads\/2018\/12\/piparkoogid-1-1-300x208.jpg 300w, https:\/\/egea.ee\/wordpress\/wp-content\/uploads\/2018\/12\/piparkoogid-1-1-1024x711.jpg 1024w, https:\/\/egea.ee\/wordpress\/wp-content\/uploads\/2018\/12\/piparkoogid-1-1-768x533.jpg 768w, https:\/\/egea.ee\/wordpress\/wp-content\/uploads\/2018\/12\/piparkoogid-1-1-1536x1067.jpg 1536w, https:\/\/egea.ee\/wordpress\/wp-content\/uploads\/2018\/12\/piparkoogid-1-1-2048x1422.jpg 2048w\" sizes=\"(max-width: 300px) 100vw, 300px\" \/><\/div><\/a>\n\t\t\t\t<div class=\"elementor-post__badge\">\u00dcritused<\/div>\n\t\t\t\t<div class=\"elementor-post__text\">\n\t\t\t\t<h3 class=\"elementor-post__title\">\n\t\t\t<a href=\"https:\/\/egea.ee\/wordpress\/tagasivaade-piparkoogiohtule\/\" >\n\t\t\t\tTagasivaade piparkoogi\u00f5htule\t\t\t<\/a>\n\t\t<\/h3>\n\t\t\t\t<div class=\"elementor-post__excerpt\">\n\t\t\t<p>M\u00f5ni aeg tagasi ehk neljap\u00e4eval, 13. detsembril kogunes EGEA-Tartu, nagu aastate v\u00e4ltel kombeks on saanud, piparkooke k\u00fcpsetama. \u00d5htu jooksul toimus ka muud p\u00f5nevat: meisterdasime j\u00f5ulukaarte,<\/p>\n\t\t<\/div>\n\t\t\n\t\t<a class=\"elementor-post__read-more\" href=\"https:\/\/egea.ee\/wordpress\/tagasivaade-piparkoogiohtule\/\" aria-label=\"Read more about Tagasivaade piparkoogi\u00f5htule\" tabindex=\"-1\" >\n\t\t\tLoe rohkem \u00bb\t\t<\/a>\n\n\t\t\t\t<\/div>\n\t\t\t\t<div class=\"elementor-post__meta-data\">\n\t\t\t\t\t<span class=\"elementor-post-date\">\n\t\t\t23.12.18\t\t<\/span>\n\t\t\t\t<span class=\"elementor-post-avatar\">\n\t\t\tKommentaare pole\t\t<\/span>\n\t\t\t\t<\/div>\n\t\t\t\t\t<\/div>\n\t\t<\/article>\n\t\t\t\t<article class=\"elementor-post elementor-grid-item post-2076 post type-post status-publish format-standard has-post-thumbnail hentry category-uritused\">\n\t\t\t<div class=\"elementor-post__card\">\n\t\t\t\t<a class=\"elementor-post__thumbnail__link\" href=\"https:\/\/egea.ee\/wordpress\/lotakas-on-elupaastja-2018\/\" tabindex=\"-1\" ><div class=\"elementor-post__thumbnail\"><img loading=\"lazy\" decoding=\"async\" width=\"300\" height=\"169\" src=\"https:\/\/egea.ee\/wordpress\/wp-content\/uploads\/2018\/12\/47500447_2218945051724856_2141804193701167104_n-1-1-300x169.jpg\" class=\"attachment-medium size-medium wp-image-5039\" alt=\"\" srcset=\"https:\/\/egea.ee\/wordpress\/wp-content\/uploads\/2018\/12\/47500447_2218945051724856_2141804193701167104_n-1-1-300x169.jpg 300w, https:\/\/egea.ee\/wordpress\/wp-content\/uploads\/2018\/12\/47500447_2218945051724856_2141804193701167104_n-1-1-1024x576.jpg 1024w, https:\/\/egea.ee\/wordpress\/wp-content\/uploads\/2018\/12\/47500447_2218945051724856_2141804193701167104_n-1-1-768x432.jpg 768w, https:\/\/egea.ee\/wordpress\/wp-content\/uploads\/2018\/12\/47500447_2218945051724856_2141804193701167104_n-1-1-1536x864.jpg 1536w, https:\/\/egea.ee\/wordpress\/wp-content\/uploads\/2018\/12\/47500447_2218945051724856_2141804193701167104_n-1-1.jpg 1920w\" sizes=\"(max-width: 300px) 100vw, 300px\" \/><\/div><\/a>\n\t\t\t\t<div class=\"elementor-post__badge\">\u00dcritused<\/div>\n\t\t\t\t<div class=\"elementor-post__text\">\n\t\t\t\t<h3 class=\"elementor-post__title\">\n\t\t\t<a href=\"https:\/\/egea.ee\/wordpress\/lotakas-on-elupaastja-2018\/\" >\n\t\t\t\tLOT\u00c4kas on elup\u00e4\u00e4stja 2018\t\t\t<\/a>\n\t\t<\/h3>\n\t\t\t\t<div class=\"elementor-post__excerpt\">\n\t\t\t<p>Neljandat aastat j\u00e4rjest toimus LOT\u00c4kas on elup\u00e4\u00e4stja ehk heategevuslik veredoonorlus\u00fcritus. Sel aastal annetasid Vanemuise 46 \u00f5ppehoones verd 45 inimest (nii tudengid kui ka t\u00f6\u00f6tajad). K\u00f5igi<\/p>\n\t\t<\/div>\n\t\t\n\t\t<a class=\"elementor-post__read-more\" href=\"https:\/\/egea.ee\/wordpress\/lotakas-on-elupaastja-2018\/\" aria-label=\"Read more about LOT\u00c4kas on elup\u00e4\u00e4stja 2018\" tabindex=\"-1\" >\n\t\t\tLoe rohkem \u00bb\t\t<\/a>\n\n\t\t\t\t<\/div>\n\t\t\t\t<div class=\"elementor-post__meta-data\">\n\t\t\t\t\t<span class=\"elementor-post-date\">\n\t\t\t20.12.18\t\t<\/span>\n\t\t\t\t<span class=\"elementor-post-avatar\">\n\t\t\tKommentaare pole\t\t<\/span>\n\t\t\t\t<\/div>\n\t\t\t\t\t<\/div>\n\t\t<\/article>\n\t\t\t\t<article class=\"elementor-post elementor-grid-item post-2049 post type-post status-publish format-standard has-post-thumbnail hentry category-kogemuslugu\">\n\t\t\t<div class=\"elementor-post__card\">\n\t\t\t\t<a class=\"elementor-post__thumbnail__link\" href=\"https:\/\/egea.ee\/wordpress\/geograaf-innustab-ja-motiveerib-gerda-moor\/\" tabindex=\"-1\" ><div class=\"elementor-post__thumbnail\"><img loading=\"lazy\" decoding=\"async\" width=\"300\" height=\"225\" src=\"https:\/\/egea.ee\/wordpress\/wp-content\/uploads\/2018\/11\/46247606_186462382233080_7274534874017431552_n-1-300x225.jpg\" class=\"attachment-medium size-medium wp-image-4248\" alt=\"\" srcset=\"https:\/\/egea.ee\/wordpress\/wp-content\/uploads\/2018\/11\/46247606_186462382233080_7274534874017431552_n-1-300x225.jpg 300w, https:\/\/egea.ee\/wordpress\/wp-content\/uploads\/2018\/11\/46247606_186462382233080_7274534874017431552_n-1-768x576.jpg 768w, https:\/\/egea.ee\/wordpress\/wp-content\/uploads\/2018\/11\/46247606_186462382233080_7274534874017431552_n-1.jpg 960w\" sizes=\"(max-width: 300px) 100vw, 300px\" \/><\/div><\/a>\n\t\t\t\t<div class=\"elementor-post__badge\">Kogemuslugu<\/div>\n\t\t\t\t<div class=\"elementor-post__text\">\n\t\t\t\t<h3 class=\"elementor-post__title\">\n\t\t\t<a href=\"https:\/\/egea.ee\/wordpress\/geograaf-innustab-ja-motiveerib-gerda-moor\/\" >\n\t\t\t\tGeograaf innustab ja motiveerib &#8211; Gerda Moor\t\t\t<\/a>\n\t\t<\/h3>\n\t\t\t\t<div class=\"elementor-post__excerpt\">\n\t\t\t<p>Selleaastasele geograafian\u00e4dalale paneb punkti intervjuu geograafiavilistlase Gerdaga, kes \u00f5ppis meie armsas geograafiaosakonnas aastatel 2009-2013. Lisaks sellele, et Gerda innustab koolis \u00f5petajana noori potentsiaalseid geograafe, on<\/p>\n\t\t<\/div>\n\t\t\n\t\t<a class=\"elementor-post__read-more\" href=\"https:\/\/egea.ee\/wordpress\/geograaf-innustab-ja-motiveerib-gerda-moor\/\" aria-label=\"Read more about Geograaf innustab ja motiveerib &#8211; Gerda Moor\" tabindex=\"-1\" >\n\t\t\tLoe rohkem \u00bb\t\t<\/a>\n\n\t\t\t\t<\/div>\n\t\t\t\t<div class=\"elementor-post__meta-data\">\n\t\t\t\t\t<span class=\"elementor-post-date\">\n\t\t\t18.11.18\t\t<\/span>\n\t\t\t\t<span class=\"elementor-post-avatar\">\n\t\t\tKommentaare pole\t\t<\/span>\n\t\t\t\t<\/div>\n\t\t\t\t\t<\/div>\n\t\t<\/article>\n\t\t\t\t<article class=\"elementor-post elementor-grid-item post-2038 post type-post status-publish format-standard has-post-thumbnail hentry category-reisiklubi\">\n\t\t\t<div class=\"elementor-post__card\">\n\t\t\t\t<a class=\"elementor-post__thumbnail__link\" href=\"https:\/\/egea.ee\/wordpress\/reisiklubi-polaarturism\/\" tabindex=\"-1\" ><div class=\"elementor-post__thumbnail\"><img loading=\"lazy\" decoding=\"async\" width=\"300\" height=\"193\" src=\"https:\/\/egea.ee\/wordpress\/wp-content\/uploads\/2018\/11\/image2-1024x658-1-300x193.jpeg\" class=\"attachment-medium size-medium wp-image-5045\" alt=\"\" srcset=\"https:\/\/egea.ee\/wordpress\/wp-content\/uploads\/2018\/11\/image2-1024x658-1-300x193.jpeg 300w, https:\/\/egea.ee\/wordpress\/wp-content\/uploads\/2018\/11\/image2-1024x658-1-768x494.jpeg 768w, https:\/\/egea.ee\/wordpress\/wp-content\/uploads\/2018\/11\/image2-1024x658-1.jpeg 1024w\" sizes=\"(max-width: 300px) 100vw, 300px\" \/><\/div><\/a>\n\t\t\t\t<div class=\"elementor-post__badge\">Reisiklubi<\/div>\n\t\t\t\t<div class=\"elementor-post__text\">\n\t\t\t\t<h3 class=\"elementor-post__title\">\n\t\t\t<a href=\"https:\/\/egea.ee\/wordpress\/reisiklubi-polaarturism\/\" >\n\t\t\t\tReisiklubi &#8211; polaarturism\t\t\t<\/a>\n\t\t<\/h3>\n\t\t\t\t<div class=\"elementor-post__excerpt\">\n\t\t\t<p>15. novembril 2018 toimus geograafian\u00e4dala raames aasta esimene reisiklubi. Reisiklubi n\u00e4ol on tegemist EGEA-Tartu traditsioonilise \u00fcritusega, kus erinevad, kuid enamasti kuidagi geograafia erialaga seotud inimesed<\/p>\n\t\t<\/div>\n\t\t\n\t\t<a class=\"elementor-post__read-more\" href=\"https:\/\/egea.ee\/wordpress\/reisiklubi-polaarturism\/\" aria-label=\"Read more about Reisiklubi &#8211; polaarturism\" tabindex=\"-1\" >\n\t\t\tLoe rohkem \u00bb\t\t<\/a>\n\n\t\t\t\t<\/div>\n\t\t\t\t<div class=\"elementor-post__meta-data\">\n\t\t\t\t\t<span class=\"elementor-post-date\">\n\t\t\t17.11.18\t\t<\/span>\n\t\t\t\t<span class=\"elementor-post-avatar\">\n\t\t\tKommentaare pole\t\t<\/span>\n\t\t\t\t<\/div>\n\t\t\t\t\t<\/div>\n\t\t<\/article>\n\t\t\t\t<article class=\"elementor-post elementor-grid-item post-1902 post type-post status-publish format-image has-post-thumbnail hentry category-uritused post_format-post-format-image\">\n\t\t\t<div class=\"elementor-post__card\">\n\t\t\t\t<a class=\"elementor-post__thumbnail__link\" href=\"https:\/\/egea.ee\/wordpress\/1902-2\/\" tabindex=\"-1\" ><div class=\"elementor-post__thumbnail\"><img loading=\"lazy\" decoding=\"async\" width=\"300\" height=\"225\" src=\"https:\/\/egea.ee\/wordpress\/wp-content\/uploads\/2018\/09\/42661521_2072862426267826_3444909584978804736_n-300x225.jpg\" class=\"attachment-medium size-medium wp-image-5047\" alt=\"\" srcset=\"https:\/\/egea.ee\/wordpress\/wp-content\/uploads\/2018\/09\/42661521_2072862426267826_3444909584978804736_n-300x225.jpg 300w, https:\/\/egea.ee\/wordpress\/wp-content\/uploads\/2018\/09\/42661521_2072862426267826_3444909584978804736_n-768x576.jpg 768w, https:\/\/egea.ee\/wordpress\/wp-content\/uploads\/2018\/09\/42661521_2072862426267826_3444909584978804736_n.jpg 960w\" sizes=\"(max-width: 300px) 100vw, 300px\" \/><\/div><\/a>\n\t\t\t\t<div class=\"elementor-post__badge\">\u00dcritused<\/div>\n\t\t\t\t<div class=\"elementor-post__text\">\n\t\t\t\t<h3 class=\"elementor-post__title\">\n\t\t\t<a href=\"https:\/\/egea.ee\/wordpress\/1902-2\/\" >\n\t\t\t\tT\u00e4navakunst ja geograafid\t\t\t<\/a>\n\t\t<\/h3>\n\t\t\t\t<div class=\"elementor-post__excerpt\">\n\t\t\t<p>Esmasp\u00e4eval, 24. septembril 2018 toimus Tartu Tudengip\u00e4evade raames EGEA-Tartu korraldatud \u00fcritus \u201eTunne Tartu T\u00e4navakunsti\u201c. T\u00e4navakunsti temaatika valiti seet\u00f5ttu, et Tudengip\u00e4evade 2018. aasta s\u00fcgiseses programmis oli<\/p>\n\t\t<\/div>\n\t\t\n\t\t<a class=\"elementor-post__read-more\" href=\"https:\/\/egea.ee\/wordpress\/1902-2\/\" aria-label=\"Read more about T\u00e4navakunst ja geograafid\" tabindex=\"-1\" >\n\t\t\tLoe rohkem \u00bb\t\t<\/a>\n\n\t\t\t\t<\/div>\n\t\t\t\t<div class=\"elementor-post__meta-data\">\n\t\t\t\t\t<span class=\"elementor-post-date\">\n\t\t\t27.09.18\t\t<\/span>\n\t\t\t\t<span class=\"elementor-post-avatar\">\n\t\t\tKommentaare pole\t\t<\/span>\n\t\t\t\t<\/div>\n\t\t\t\t\t<\/div>\n\t\t<\/article>\n\t\t\t\t<article class=\"elementor-post elementor-grid-item post-1731 post type-post status-publish format-standard has-post-thumbnail hentry category-vahetus\">\n\t\t\t<div class=\"elementor-post__card\">\n\t\t\t\t<a class=\"elementor-post__thumbnail__link\" href=\"https:\/\/egea.ee\/wordpress\/seeyouinhel\/\" tabindex=\"-1\" ><div class=\"elementor-post__thumbnail\"><img loading=\"lazy\" decoding=\"async\" width=\"300\" height=\"225\" src=\"https:\/\/egea.ee\/wordpress\/wp-content\/uploads\/2018\/09\/IMG_1868-1-300x225-1.jpg\" class=\"attachment-medium size-medium wp-image-5096\" alt=\"\" \/><\/div><\/a>\n\t\t\t\t<div class=\"elementor-post__badge\">Vahetus<\/div>\n\t\t\t\t<div class=\"elementor-post__text\">\n\t\t\t\t<h3 class=\"elementor-post__title\">\n\t\t\t<a href=\"https:\/\/egea.ee\/wordpress\/seeyouinhel\/\" >\n\t\t\t\t#seeyouinHEL\t\t\t<\/a>\n\t\t<\/h3>\n\t\t\t\t<div class=\"elementor-post__excerpt\">\n\t\t\t<p>Vahetus Helsingiga toimus viimati 2006. aastal (tegelikult ei leidnud keegi asjaosalistest neid \u00fcrikuid \u00fcles, kus oleks viimase vahetuse aeg kirjas :), seega 2006 on piisavalt<\/p>\n\t\t<\/div>\n\t\t\n\t\t<a class=\"elementor-post__read-more\" href=\"https:\/\/egea.ee\/wordpress\/seeyouinhel\/\" aria-label=\"Read more about #seeyouinHEL\" tabindex=\"-1\" >\n\t\t\tLoe rohkem \u00bb\t\t<\/a>\n\n\t\t\t\t<\/div>\n\t\t\t\t<div class=\"elementor-post__meta-data\">\n\t\t\t\t\t<span class=\"elementor-post-date\">\n\t\t\t06.09.18\t\t<\/span>\n\t\t\t\t<span class=\"elementor-post-avatar\">\n\t\t\tKommentaare pole\t\t<\/span>\n\t\t\t\t<\/div>\n\t\t\t\t\t<\/div>\n\t\t<\/article>\n\t\t\t\t<article class=\"elementor-post elementor-grid-item post-1681 post type-post status-publish format-standard has-post-thumbnail hentry category-uritused\">\n\t\t\t<div class=\"elementor-post__card\">\n\t\t\t\t<a class=\"elementor-post__thumbnail__link\" href=\"https:\/\/egea.ee\/wordpress\/cp-weekend-palupohjas\/\" tabindex=\"-1\" ><div class=\"elementor-post__thumbnail\"><img loading=\"lazy\" decoding=\"async\" width=\"300\" height=\"200\" src=\"https:\/\/egea.ee\/wordpress\/wp-content\/uploads\/2018\/02\/IMG_5240-300x200-1.jpg\" class=\"attachment-medium size-medium wp-image-5094\" alt=\"\" \/><\/div><\/a>\n\t\t\t\t<div class=\"elementor-post__badge\">\u00dcritused<\/div>\n\t\t\t\t<div class=\"elementor-post__text\">\n\t\t\t\t<h3 class=\"elementor-post__title\">\n\t\t\t<a href=\"https:\/\/egea.ee\/wordpress\/cp-weekend-palupohjas\/\" >\n\t\t\t\tCP Weekend Palup\u00f5hjas\t\t\t<\/a>\n\t\t<\/h3>\n\t\t\t\t<div class=\"elementor-post__excerpt\">\n\t\t\t<p>Jaanuari viimasel n\u00e4dalavahetusel kogunesid Laeva soos Palup\u00f5hja looduskooli 16 geograafi. Need olid EGEA P\u00f5hja- ja Balti regiooni (North &amp; Baltic Region ehk NBR) Contact Personid<\/p>\n\t\t<\/div>\n\t\t\n\t\t<a class=\"elementor-post__read-more\" href=\"https:\/\/egea.ee\/wordpress\/cp-weekend-palupohjas\/\" aria-label=\"Read more about CP Weekend Palup\u00f5hjas\" tabindex=\"-1\" >\n\t\t\tLoe rohkem \u00bb\t\t<\/a>\n\n\t\t\t\t<\/div>\n\t\t\t\t<div class=\"elementor-post__meta-data\">\n\t\t\t\t\t<span class=\"elementor-post-date\">\n\t\t\t05.02.18\t\t<\/span>\n\t\t\t\t<span class=\"elementor-post-avatar\">\n\t\t\tKommentaare pole\t\t<\/span>\n\t\t\t\t<\/div>\n\t\t\t\t\t<\/div>\n\t\t<\/article>\n\t\t\t\t<article class=\"elementor-post elementor-grid-item post-1664 post type-post status-publish format-standard has-post-thumbnail hentry category-uritused\">\n\t\t\t<div class=\"elementor-post__card\">\n\t\t\t\t<a class=\"elementor-post__thumbnail__link\" href=\"https:\/\/egea.ee\/wordpress\/winter-weekend-2018\/\" tabindex=\"-1\" ><div class=\"elementor-post__thumbnail\"><img loading=\"lazy\" decoding=\"async\" width=\"300\" height=\"199\" src=\"https:\/\/egea.ee\/wordpress\/wp-content\/uploads\/2018\/01\/DSC2144-1-300x199.jpg\" class=\"attachment-medium size-medium wp-image-5091\" alt=\"\" srcset=\"https:\/\/egea.ee\/wordpress\/wp-content\/uploads\/2018\/01\/DSC2144-1-300x199.jpg 300w, https:\/\/egea.ee\/wordpress\/wp-content\/uploads\/2018\/01\/DSC2144-1-768x509.jpg 768w, https:\/\/egea.ee\/wordpress\/wp-content\/uploads\/2018\/01\/DSC2144-1.jpg 959w\" sizes=\"(max-width: 300px) 100vw, 300px\" \/><\/div><\/a>\n\t\t\t\t<div class=\"elementor-post__badge\">\u00dcritused<\/div>\n\t\t\t\t<div class=\"elementor-post__text\">\n\t\t\t\t<h3 class=\"elementor-post__title\">\n\t\t\t<a href=\"https:\/\/egea.ee\/wordpress\/winter-weekend-2018\/\" >\n\t\t\t\tWinter Weekend 2018\t\t\t<\/a>\n\t\t<\/h3>\n\t\t\t\t<div class=\"elementor-post__excerpt\">\n\t\t\t<p>Jaanuari keskel l\u00e4ksid ilmad just \u00f5igel ajal k\u00fclmaks, et saaks toimuda Winter Weekend. N\u00fc\u00fcdseks juba traditsiooniks kujunenud \u00fcrituse seekordseks\u00a0eesm\u00e4rgiks oli\u00a0arendada organisatsiooni strateegiat\u00a0ja\u00a0liikmetega koos m\u00f5nusalt aega<\/p>\n\t\t<\/div>\n\t\t\n\t\t<a class=\"elementor-post__read-more\" href=\"https:\/\/egea.ee\/wordpress\/winter-weekend-2018\/\" aria-label=\"Read more about Winter Weekend 2018\" tabindex=\"-1\" >\n\t\t\tLoe rohkem \u00bb\t\t<\/a>\n\n\t\t\t\t<\/div>\n\t\t\t\t<div class=\"elementor-post__meta-data\">\n\t\t\t\t\t<span class=\"elementor-post-date\">\n\t\t\t24.01.18\t\t<\/span>\n\t\t\t\t<span class=\"elementor-post-avatar\">\n\t\t\tKommentaare pole\t\t<\/span>\n\t\t\t\t<\/div>\n\t\t\t\t\t<\/div>\n\t\t<\/article>\n\t\t\t\t<article class=\"elementor-post elementor-grid-item post-1628 post type-post status-publish format-standard has-post-thumbnail hentry category-uritused\">\n\t\t\t<div class=\"elementor-post__card\">\n\t\t\t\t<a class=\"elementor-post__thumbnail__link\" href=\"https:\/\/egea.ee\/wordpress\/lotakas-on-elupaastja-2017\/\" tabindex=\"-1\" ><div class=\"elementor-post__thumbnail\"><img loading=\"lazy\" decoding=\"async\" width=\"300\" height=\"200\" src=\"https:\/\/egea.ee\/wordpress\/wp-content\/uploads\/2017\/12\/IMG_7130-copy-1-300x200.jpg\" class=\"attachment-medium size-medium wp-image-5088\" alt=\"\" srcset=\"https:\/\/egea.ee\/wordpress\/wp-content\/uploads\/2017\/12\/IMG_7130-copy-1-300x200.jpg 300w, https:\/\/egea.ee\/wordpress\/wp-content\/uploads\/2017\/12\/IMG_7130-copy-1-1024x683.jpg 1024w, https:\/\/egea.ee\/wordpress\/wp-content\/uploads\/2017\/12\/IMG_7130-copy-1-768x512.jpg 768w, https:\/\/egea.ee\/wordpress\/wp-content\/uploads\/2017\/12\/IMG_7130-copy-1-1536x1024.jpg 1536w, https:\/\/egea.ee\/wordpress\/wp-content\/uploads\/2017\/12\/IMG_7130-copy-1-2048x1365.jpg 2048w\" sizes=\"(max-width: 300px) 100vw, 300px\" \/><\/div><\/a>\n\t\t\t\t<div class=\"elementor-post__badge\">\u00dcritused<\/div>\n\t\t\t\t<div class=\"elementor-post__text\">\n\t\t\t\t<h3 class=\"elementor-post__title\">\n\t\t\t<a href=\"https:\/\/egea.ee\/wordpress\/lotakas-on-elupaastja-2017\/\" >\n\t\t\t\tLOT\u00c4kas on elup\u00e4\u00e4stja 2017\t\t\t<\/a>\n\t\t<\/h3>\n\t\t\t\t<div class=\"elementor-post__excerpt\">\n\t\t\t<p>Me tegime seda taas! Juba kolmandat aastat j\u00e4rjest toimus LOT\u00c4kas on elup\u00e4\u00e4stja ehk heategevuslik veredoonorlus\u00fcritus. Iga aastaga on nii doonorite kui ka kogutud vere hulk<\/p>\n\t\t<\/div>\n\t\t\n\t\t<a class=\"elementor-post__read-more\" href=\"https:\/\/egea.ee\/wordpress\/lotakas-on-elupaastja-2017\/\" aria-label=\"Read more about LOT\u00c4kas on elup\u00e4\u00e4stja 2017\" tabindex=\"-1\" >\n\t\t\tLoe rohkem \u00bb\t\t<\/a>\n\n\t\t\t\t<\/div>\n\t\t\t\t<div class=\"elementor-post__meta-data\">\n\t\t\t\t\t<span class=\"elementor-post-date\">\n\t\t\t16.12.17\t\t<\/span>\n\t\t\t\t<span class=\"elementor-post-avatar\">\n\t\t\tKommentaare pole\t\t<\/span>\n\t\t\t\t<\/div>\n\t\t\t\t\t<\/div>\n\t\t<\/article>\n\t\t\t\t<article class=\"elementor-post elementor-grid-item post-1603 post type-post status-publish format-standard has-post-thumbnail hentry category-geograafianadal\">\n\t\t\t<div class=\"elementor-post__card\">\n\t\t\t\t<a class=\"elementor-post__thumbnail__link\" href=\"https:\/\/egea.ee\/wordpress\/kameeleonid-geograafid-ja-geograafianadal\/\" tabindex=\"-1\" ><div class=\"elementor-post__thumbnail\"><img loading=\"lazy\" decoding=\"async\" width=\"300\" height=\"225\" src=\"https:\/\/egea.ee\/wordpress\/wp-content\/uploads\/2017\/12\/Uputus-1-300x225.jpg\" class=\"attachment-medium size-medium wp-image-5085\" alt=\"\" srcset=\"https:\/\/egea.ee\/wordpress\/wp-content\/uploads\/2017\/12\/Uputus-1-300x225.jpg 300w, https:\/\/egea.ee\/wordpress\/wp-content\/uploads\/2017\/12\/Uputus-1-768x576.jpg 768w, https:\/\/egea.ee\/wordpress\/wp-content\/uploads\/2017\/12\/Uputus-1.jpg 960w\" sizes=\"(max-width: 300px) 100vw, 300px\" \/><\/div><\/a>\n\t\t\t\t<div class=\"elementor-post__badge\">Geograafian\u00e4dal<\/div>\n\t\t\t\t<div class=\"elementor-post__text\">\n\t\t\t\t<h3 class=\"elementor-post__title\">\n\t\t\t<a href=\"https:\/\/egea.ee\/wordpress\/kameeleonid-geograafid-ja-geograafianadal\/\" >\n\t\t\t\tKameeleonid, geograafid ja geograafian\u00e4dal\t\t\t<\/a>\n\t\t<\/h3>\n\t\t\t\t<div class=\"elementor-post__excerpt\">\n\t\t\t<p>Mis v\u00e4rvi on kameeleonid? L\u00fchike vastus on, et see s\u00f5ltub. Sama vastuse saab anda ka k\u00fcsimusele, mida iga geograafiatudeng loendamatul hulgal kordadel kuulnud on: \u201cOota,<\/p>\n\t\t<\/div>\n\t\t\n\t\t<a class=\"elementor-post__read-more\" href=\"https:\/\/egea.ee\/wordpress\/kameeleonid-geograafid-ja-geograafianadal\/\" aria-label=\"Read more about Kameeleonid, geograafid ja geograafian\u00e4dal\" tabindex=\"-1\" >\n\t\t\tLoe rohkem \u00bb\t\t<\/a>\n\n\t\t\t\t<\/div>\n\t\t\t\t<div class=\"elementor-post__meta-data\">\n\t\t\t\t\t<span class=\"elementor-post-date\">\n\t\t\t04.12.17\t\t<\/span>\n\t\t\t\t<span class=\"elementor-post-avatar\">\n\t\t\tKommentaare pole\t\t<\/span>\n\t\t\t\t<\/div>\n\t\t\t\t\t<\/div>\n\t\t<\/article>\n\t\t\t\t<article class=\"elementor-post elementor-grid-item post-1511 post type-post status-publish format-standard has-post-thumbnail hentry category-kongress\">\n\t\t\t<div class=\"elementor-post__card\">\n\t\t\t\t<a class=\"elementor-post__thumbnail__link\" href=\"https:\/\/egea.ee\/wordpress\/ac-2017\/\" tabindex=\"-1\" ><div class=\"elementor-post__thumbnail\"><img loading=\"lazy\" decoding=\"async\" width=\"300\" height=\"200\" src=\"https:\/\/egea.ee\/wordpress\/wp-content\/uploads\/2017\/10\/i-Z6SMg8W-X3-300x200.jpg\" class=\"attachment-medium size-medium wp-image-5078\" alt=\"\" srcset=\"https:\/\/egea.ee\/wordpress\/wp-content\/uploads\/2017\/10\/i-Z6SMg8W-X3-300x200.jpg 300w, https:\/\/egea.ee\/wordpress\/wp-content\/uploads\/2017\/10\/i-Z6SMg8W-X3-1024x683.jpg 1024w, https:\/\/egea.ee\/wordpress\/wp-content\/uploads\/2017\/10\/i-Z6SMg8W-X3-768x512.jpg 768w, https:\/\/egea.ee\/wordpress\/wp-content\/uploads\/2017\/10\/i-Z6SMg8W-X3-1536x1024.jpg 1536w, https:\/\/egea.ee\/wordpress\/wp-content\/uploads\/2017\/10\/i-Z6SMg8W-X3.jpg 1600w\" sizes=\"(max-width: 300px) 100vw, 300px\" \/><\/div><\/a>\n\t\t\t\t<div class=\"elementor-post__badge\">Kongress<\/div>\n\t\t\t\t<div class=\"elementor-post__text\">\n\t\t\t\t<h3 class=\"elementor-post__title\">\n\t\t\t<a href=\"https:\/\/egea.ee\/wordpress\/ac-2017\/\" >\n\t\t\t\tSzczyrki vallutamine\t\t\t<\/a>\n\t\t<\/h3>\n\t\t\t\t<div class=\"elementor-post__excerpt\">\n\t\t\t<p>Kui eelmisel aastal selgus 2017. aasta\u00a0EGEA aastakongressi korraldaja, siis\u00a0kindlasti tekitas enim elevust sihtkoht, milleks valiti L\u00f5una-Poolas asuv pisike linn nimega Szczyrk. 30 aasta m\u00f6\u00f6dumist \u00fcleeuroopalise<\/p>\n\t\t<\/div>\n\t\t\n\t\t<a class=\"elementor-post__read-more\" href=\"https:\/\/egea.ee\/wordpress\/ac-2017\/\" aria-label=\"Read more about Szczyrki vallutamine\" tabindex=\"-1\" >\n\t\t\tLoe rohkem \u00bb\t\t<\/a>\n\n\t\t\t\t<\/div>\n\t\t\t\t<div class=\"elementor-post__meta-data\">\n\t\t\t\t\t<span class=\"elementor-post-date\">\n\t\t\t10.10.17\t\t<\/span>\n\t\t\t\t<span class=\"elementor-post-avatar\">\n\t\t\tKommentaare pole\t\t<\/span>\n\t\t\t\t<\/div>\n\t\t\t\t\t<\/div>\n\t\t<\/article>\n\t\t\t\t<article class=\"elementor-post elementor-grid-item post-1448 post type-post status-publish format-standard has-post-thumbnail hentry category-baltic-weekend\">\n\t\t\t<div class=\"elementor-post__card\">\n\t\t\t\t<a class=\"elementor-post__thumbnail__link\" href=\"https:\/\/egea.ee\/wordpress\/egea-tartu-viis-valismaalased-metsa\/\" tabindex=\"-1\" ><div class=\"elementor-post__thumbnail\"><img loading=\"lazy\" decoding=\"async\" width=\"300\" height=\"263\" src=\"https:\/\/egea.ee\/wordpress\/wp-content\/uploads\/2017\/07\/Capture-2-300x263.jpg\" class=\"attachment-medium size-medium wp-image-5076\" alt=\"\" srcset=\"https:\/\/egea.ee\/wordpress\/wp-content\/uploads\/2017\/07\/Capture-2-300x263.jpg 300w, https:\/\/egea.ee\/wordpress\/wp-content\/uploads\/2017\/07\/Capture-2.jpg 623w\" sizes=\"(max-width: 300px) 100vw, 300px\" \/><\/div><\/a>\n\t\t\t\t<div class=\"elementor-post__badge\">Baltic Weekend<\/div>\n\t\t\t\t<div class=\"elementor-post__text\">\n\t\t\t\t<h3 class=\"elementor-post__title\">\n\t\t\t<a href=\"https:\/\/egea.ee\/wordpress\/egea-tartu-viis-valismaalased-metsa\/\" >\n\t\t\t\tEGEA-Tartu viis v\u00e4lismaalased metsa!\t\t\t<\/a>\n\t\t<\/h3>\n\t\t\t\t<div class=\"elementor-post__excerpt\">\n\t\t\t<p>13.\u201316. juulil toimus j\u00e4rjekorras seitsmes Baltic Weekend, mida EGEA-Tartu korraldas kolmandat korda. \u00dcrituse toimumispaigaks valiti Setomaa. Seekord oli osalejaid veidi v\u00e4hem kui tavaks, koos eestlastega<\/p>\n\t\t<\/div>\n\t\t\n\t\t<a class=\"elementor-post__read-more\" href=\"https:\/\/egea.ee\/wordpress\/egea-tartu-viis-valismaalased-metsa\/\" aria-label=\"Read more about EGEA-Tartu viis v\u00e4lismaalased metsa!\" tabindex=\"-1\" >\n\t\t\tLoe rohkem \u00bb\t\t<\/a>\n\n\t\t\t\t<\/div>\n\t\t\t\t<div class=\"elementor-post__meta-data\">\n\t\t\t\t\t<span class=\"elementor-post-date\">\n\t\t\t20.07.17\t\t<\/span>\n\t\t\t\t<span class=\"elementor-post-avatar\">\n\t\t\tKommentaare pole\t\t<\/span>\n\t\t\t\t<\/div>\n\t\t\t\t\t<\/div>\n\t\t<\/article>\n\t\t\t\t<article class=\"elementor-post elementor-grid-item post-1430 post type-post status-publish format-standard has-post-thumbnail hentry category-kongress\">\n\t\t\t<div class=\"elementor-post__card\">\n\t\t\t\t<a class=\"elementor-post__thumbnail__link\" href=\"https:\/\/egea.ee\/wordpress\/egea-tartu-nbrc-l\/\" tabindex=\"-1\" ><div class=\"elementor-post__thumbnail\"><img loading=\"lazy\" decoding=\"async\" width=\"300\" height=\"200\" src=\"https:\/\/egea.ee\/wordpress\/wp-content\/uploads\/2017\/05\/2017kongress-300x200.jpg\" class=\"attachment-medium size-medium wp-image-5008\" alt=\"\" srcset=\"https:\/\/egea.ee\/wordpress\/wp-content\/uploads\/2017\/05\/2017kongress-300x200.jpg 300w, https:\/\/egea.ee\/wordpress\/wp-content\/uploads\/2017\/05\/2017kongress-1024x683.jpg 1024w, https:\/\/egea.ee\/wordpress\/wp-content\/uploads\/2017\/05\/2017kongress-768x512.jpg 768w, https:\/\/egea.ee\/wordpress\/wp-content\/uploads\/2017\/05\/2017kongress-1536x1024.jpg 1536w, https:\/\/egea.ee\/wordpress\/wp-content\/uploads\/2017\/05\/2017kongress-2048x1365.jpg 2048w\" sizes=\"(max-width: 300px) 100vw, 300px\" \/><\/div><\/a>\n\t\t\t\t<div class=\"elementor-post__badge\">Kongress<\/div>\n\t\t\t\t<div class=\"elementor-post__text\">\n\t\t\t\t<h3 class=\"elementor-post__title\">\n\t\t\t<a href=\"https:\/\/egea.ee\/wordpress\/egea-tartu-nbrc-l\/\" >\n\t\t\t\tEGEA-Tartu NBRC-l\t\t\t<\/a>\n\t\t<\/h3>\n\t\t\t\t<div class=\"elementor-post__excerpt\">\n\t\t\t<p>&#8220;&#8230;Kui aasta tagasi kuulsin, et kongress toimub siin, siis k\u00fcsisin Pietult, et kas siin sel ajal (mai esimene pool) lund ka on. Ta vastas kindlalt:<\/p>\n\t\t<\/div>\n\t\t\n\t\t<a class=\"elementor-post__read-more\" href=\"https:\/\/egea.ee\/wordpress\/egea-tartu-nbrc-l\/\" aria-label=\"Read more about EGEA-Tartu NBRC-l\" tabindex=\"-1\" >\n\t\t\tLoe rohkem \u00bb\t\t<\/a>\n\n\t\t\t\t<\/div>\n\t\t\t\t<div class=\"elementor-post__meta-data\">\n\t\t\t\t\t<span class=\"elementor-post-date\">\n\t\t\t20.05.17\t\t<\/span>\n\t\t\t\t<span class=\"elementor-post-avatar\">\n\t\t\tKommentaare pole\t\t<\/span>\n\t\t\t\t<\/div>\n\t\t\t\t\t<\/div>\n\t\t<\/article>\n\t\t\t\t<article class=\"elementor-post elementor-grid-item post-1376 post type-post status-publish format-standard has-post-thumbnail hentry category-vahetus\">\n\t\t\t<div class=\"elementor-post__card\">\n\t\t\t\t<a class=\"elementor-post__thumbnail__link\" href=\"https:\/\/egea.ee\/wordpress\/from-russia-with-love\/\" tabindex=\"-1\" ><div class=\"elementor-post__thumbnail\"><img loading=\"lazy\" decoding=\"async\" width=\"300\" height=\"208\" src=\"https:\/\/egea.ee\/wordpress\/wp-content\/uploads\/2017\/03\/IMG_8620-1536x1065-1-300x208.webp\" class=\"attachment-medium size-medium wp-image-5099\" alt=\"\" srcset=\"https:\/\/egea.ee\/wordpress\/wp-content\/uploads\/2017\/03\/IMG_8620-1536x1065-1-300x208.webp 300w, https:\/\/egea.ee\/wordpress\/wp-content\/uploads\/2017\/03\/IMG_8620-1536x1065-1-1024x710.webp 1024w, https:\/\/egea.ee\/wordpress\/wp-content\/uploads\/2017\/03\/IMG_8620-1536x1065-1-768x533.webp 768w, https:\/\/egea.ee\/wordpress\/wp-content\/uploads\/2017\/03\/IMG_8620-1536x1065-1.webp 1536w\" sizes=\"(max-width: 300px) 100vw, 300px\" \/><\/div><\/a>\n\t\t\t\t<div class=\"elementor-post__badge\">Vahetus<\/div>\n\t\t\t\t<div class=\"elementor-post__text\">\n\t\t\t\t<h3 class=\"elementor-post__title\">\n\t\t\t<a href=\"https:\/\/egea.ee\/wordpress\/from-russia-with-love\/\" >\n\t\t\t\tFrom Russia with love\t\t\t<\/a>\n\t\t<\/h3>\n\t\t\t\t<div class=\"elementor-post__excerpt\">\n\t\t\t<p>Teksti ja piltide autor on Kaisa Laur. Allj\u00e4rgnev tekst on subjektiivne ja poliitiliselt ebakorrektne.\u00a0 14-20.03.2017 viibisid viis meie egealast \u2013 Ago, Marie, Gettel, Madli ja<\/p>\n\t\t<\/div>\n\t\t\n\t\t<a class=\"elementor-post__read-more\" href=\"https:\/\/egea.ee\/wordpress\/from-russia-with-love\/\" aria-label=\"Read more about From Russia with love\" tabindex=\"-1\" >\n\t\t\tLoe rohkem \u00bb\t\t<\/a>\n\n\t\t\t\t<\/div>\n\t\t\t\t<div class=\"elementor-post__meta-data\">\n\t\t\t\t\t<span class=\"elementor-post-date\">\n\t\t\t28.03.17\t\t<\/span>\n\t\t\t\t<span class=\"elementor-post-avatar\">\n\t\t\tKommentaare pole\t\t<\/span>\n\t\t\t\t<\/div>\n\t\t\t\t\t<\/div>\n\t\t<\/article>\n\t\t\t\t<article class=\"elementor-post elementor-grid-item post-1340 post type-post status-publish format-standard has-post-thumbnail hentry category-reisiklubi\">\n\t\t\t<div class=\"elementor-post__card\">\n\t\t\t\t<a class=\"elementor-post__thumbnail__link\" href=\"https:\/\/egea.ee\/wordpress\/reisiklubi-elli-altiniga\/\" tabindex=\"-1\" ><div class=\"elementor-post__thumbnail\"><img loading=\"lazy\" decoding=\"async\" width=\"300\" height=\"205\" src=\"https:\/\/egea.ee\/wordpress\/wp-content\/uploads\/2017\/03\/xx-300x205.jpg\" class=\"attachment-medium size-medium wp-image-1341\" alt=\"\" srcset=\"https:\/\/egea.ee\/wordpress\/wp-content\/uploads\/2017\/03\/xx-300x205.jpg 300w, https:\/\/egea.ee\/wordpress\/wp-content\/uploads\/2017\/03\/xx.jpg 433w\" sizes=\"(max-width: 300px) 100vw, 300px\" \/><\/div><\/a>\n\t\t\t\t<div class=\"elementor-post__badge\">Reisiklubi<\/div>\n\t\t\t\t<div class=\"elementor-post__text\">\n\t\t\t\t<h3 class=\"elementor-post__title\">\n\t\t\t<a href=\"https:\/\/egea.ee\/wordpress\/reisiklubi-elli-altiniga\/\" >\n\t\t\t\tReisiklubi Elli Altiniga\t\t\t<\/a>\n\t\t<\/h3>\n\t\t\t\t<div class=\"elementor-post__excerpt\">\n\t\t\t<p>Neljap\u00e4eval, 23. m\u00e4rtsil toimus taas EGEA-Tartu reisiklubi. Seekord oli meil k\u00fclas Kilingi-N\u00f5mme G\u00fcmnaasiumi geograafia\u00f5petaja Elli Altin, kes on olnud eeskujuks ja \u00f5petajaks paljudele praegustele ja<\/p>\n\t\t<\/div>\n\t\t\n\t\t<a class=\"elementor-post__read-more\" href=\"https:\/\/egea.ee\/wordpress\/reisiklubi-elli-altiniga\/\" aria-label=\"Read more about Reisiklubi Elli Altiniga\" tabindex=\"-1\" >\n\t\t\tLoe rohkem \u00bb\t\t<\/a>\n\n\t\t\t\t<\/div>\n\t\t\t\t<div class=\"elementor-post__meta-data\">\n\t\t\t\t\t<span class=\"elementor-post-date\">\n\t\t\t27.03.17\t\t<\/span>\n\t\t\t\t<span class=\"elementor-post-avatar\">\n\t\t\tKommentaare pole\t\t<\/span>\n\t\t\t\t<\/div>\n\t\t\t\t\t<\/div>\n\t\t<\/article>\n\t\t\t\t<article class=\"elementor-post elementor-grid-item post-1331 post type-post status-publish format-standard has-post-thumbnail hentry category-winter-weekend\">\n\t\t\t<div class=\"elementor-post__card\">\n\t\t\t\t<a class=\"elementor-post__thumbnail__link\" href=\"https:\/\/egea.ee\/wordpress\/winter-weekend-14-15-01-2017\/\" tabindex=\"-1\" ><div class=\"elementor-post__thumbnail\"><img loading=\"lazy\" decoding=\"async\" width=\"300\" height=\"190\" src=\"https:\/\/egea.ee\/wordpress\/wp-content\/uploads\/2017\/01\/DSC_2994-300x190.jpg\" class=\"attachment-medium size-medium wp-image-1333\" alt=\"\" srcset=\"https:\/\/egea.ee\/wordpress\/wp-content\/uploads\/2017\/01\/DSC_2994-300x190.jpg 300w, https:\/\/egea.ee\/wordpress\/wp-content\/uploads\/2017\/01\/DSC_2994-1024x648.jpg 1024w, https:\/\/egea.ee\/wordpress\/wp-content\/uploads\/2017\/01\/DSC_2994-768x486.jpg 768w, https:\/\/egea.ee\/wordpress\/wp-content\/uploads\/2017\/01\/DSC_2994-1536x972.jpg 1536w, https:\/\/egea.ee\/wordpress\/wp-content\/uploads\/2017\/01\/DSC_2994-2048x1296.jpg 2048w\" sizes=\"(max-width: 300px) 100vw, 300px\" \/><\/div><\/a>\n\t\t\t\t<div class=\"elementor-post__badge\">Winter Weekend<\/div>\n\t\t\t\t<div class=\"elementor-post__text\">\n\t\t\t\t<h3 class=\"elementor-post__title\">\n\t\t\t<a href=\"https:\/\/egea.ee\/wordpress\/winter-weekend-14-15-01-2017\/\" >\n\t\t\t\tWinter Weekend 14-15.01.2017\t\t\t<\/a>\n\t\t<\/h3>\n\t\t\t\t<div class=\"elementor-post__excerpt\">\n\t\t\t<p>Juba vaikselt tradisiooniks saav \u00fcritus, Winter Weekend, leidis sel aastal\u00a0aset Unipiha Algkoolis &#8211; Tartust ligikaudu 20 kilomeetri kaugusel asuvas v\u00e4ikeses koolimajas Pangodi j\u00e4rve \u00e4\u00e4res. Kahep\u00e4evane<\/p>\n\t\t<\/div>\n\t\t\n\t\t<a class=\"elementor-post__read-more\" href=\"https:\/\/egea.ee\/wordpress\/winter-weekend-14-15-01-2017\/\" aria-label=\"Read more about Winter Weekend 14-15.01.2017\" tabindex=\"-1\" >\n\t\t\tLoe rohkem \u00bb\t\t<\/a>\n\n\t\t\t\t<\/div>\n\t\t\t\t<div class=\"elementor-post__meta-data\">\n\t\t\t\t\t<span class=\"elementor-post-date\">\n\t\t\t28.01.17\t\t<\/span>\n\t\t\t\t<span class=\"elementor-post-avatar\">\n\t\t\tKommentaare pole\t\t<\/span>\n\t\t\t\t<\/div>\n\t\t\t\t\t<\/div>\n\t\t<\/article>\n\t\t\t\t<article class=\"elementor-post elementor-grid-item post-1263 post type-post status-publish format-standard has-post-thumbnail hentry category-geograafianadal\">\n\t\t\t<div class=\"elementor-post__card\">\n\t\t\t\t<a class=\"elementor-post__thumbnail__link\" href=\"https:\/\/egea.ee\/wordpress\/geograafianadala-viktoriini-ja-nutiorienteerumise-tulemused\/\" tabindex=\"-1\" ><div class=\"elementor-post__thumbnail\"><img loading=\"lazy\" decoding=\"async\" width=\"300\" height=\"232\" src=\"https:\/\/egea.ee\/wordpress\/wp-content\/uploads\/2016\/12\/geogr_nadal-300x232.png\" class=\"attachment-medium size-medium wp-image-1292\" alt=\"\" srcset=\"https:\/\/egea.ee\/wordpress\/wp-content\/uploads\/2016\/12\/geogr_nadal-300x232.png 300w, https:\/\/egea.ee\/wordpress\/wp-content\/uploads\/2016\/12\/geogr_nadal-768x594.png 768w, https:\/\/egea.ee\/wordpress\/wp-content\/uploads\/2016\/12\/geogr_nadal.png 776w\" sizes=\"(max-width: 300px) 100vw, 300px\" \/><\/div><\/a>\n\t\t\t\t<div class=\"elementor-post__badge\">Geograafian\u00e4dal<\/div>\n\t\t\t\t<div class=\"elementor-post__text\">\n\t\t\t\t<h3 class=\"elementor-post__title\">\n\t\t\t<a href=\"https:\/\/egea.ee\/wordpress\/geograafianadala-viktoriini-ja-nutiorienteerumise-tulemused\/\" >\n\t\t\t\tGeograafian\u00e4dala viktoriini ja nutiorienteerumise tulemused\t\t\t<\/a>\n\t\t<\/h3>\n\t\t\t\t<div class=\"elementor-post__excerpt\">\n\t\t\t<p>14.-18. novembril toimunud \u00fcleilmse geograafia n\u00e4dala raames korraldas EGEA-Tartu kooli\u00f5pilastele miniveebiviktoriini. Sama n\u00e4dala kolmap\u00e4eval said Tartu kooli\u00f5pilased osaleda geograafia\u00f5petajate Priit Pensa ja Vaike Rootsmaa korraldatud<\/p>\n\t\t<\/div>\n\t\t\n\t\t<a class=\"elementor-post__read-more\" href=\"https:\/\/egea.ee\/wordpress\/geograafianadala-viktoriini-ja-nutiorienteerumise-tulemused\/\" aria-label=\"Read more about Geograafian\u00e4dala viktoriini ja nutiorienteerumise tulemused\" tabindex=\"-1\" >\n\t\t\tLoe rohkem \u00bb\t\t<\/a>\n\n\t\t\t\t<\/div>\n\t\t\t\t<div class=\"elementor-post__meta-data\">\n\t\t\t\t\t<span class=\"elementor-post-date\">\n\t\t\t14.12.16\t\t<\/span>\n\t\t\t\t<span class=\"elementor-post-avatar\">\n\t\t\tKommentaare pole\t\t<\/span>\n\t\t\t\t<\/div>\n\t\t\t\t\t<\/div>\n\t\t<\/article>\n\t\t\t\t<article class=\"elementor-post elementor-grid-item post-1266 post type-post status-publish format-standard has-post-thumbnail hentry category-maaratlemata\">\n\t\t\t<div class=\"elementor-post__card\">\n\t\t\t\t<a class=\"elementor-post__thumbnail__link\" href=\"https:\/\/egea.ee\/wordpress\/doonoripaev-me-tegime-seda-taas\/\" tabindex=\"-1\" ><div class=\"elementor-post__thumbnail\"><img loading=\"lazy\" decoding=\"async\" width=\"300\" height=\"169\" src=\"https:\/\/egea.ee\/wordpress\/wp-content\/uploads\/2016\/12\/DSC05932-1-300x169.jpg\" class=\"attachment-medium size-medium wp-image-1280\" alt=\"\" srcset=\"https:\/\/egea.ee\/wordpress\/wp-content\/uploads\/2016\/12\/DSC05932-1-300x169.jpg 300w, https:\/\/egea.ee\/wordpress\/wp-content\/uploads\/2016\/12\/DSC05932-1-1024x577.jpg 1024w, https:\/\/egea.ee\/wordpress\/wp-content\/uploads\/2016\/12\/DSC05932-1-768x433.jpg 768w, https:\/\/egea.ee\/wordpress\/wp-content\/uploads\/2016\/12\/DSC05932-1-1536x866.jpg 1536w, https:\/\/egea.ee\/wordpress\/wp-content\/uploads\/2016\/12\/DSC05932-1-2048x1154.jpg 2048w\" sizes=\"(max-width: 300px) 100vw, 300px\" \/><\/div><\/a>\n\t\t\t\t<div class=\"elementor-post__badge\">M\u00e4\u00e4ratlemata<\/div>\n\t\t\t\t<div class=\"elementor-post__text\">\n\t\t\t\t<h3 class=\"elementor-post__title\">\n\t\t\t<a href=\"https:\/\/egea.ee\/wordpress\/doonoripaev-me-tegime-seda-taas\/\" >\n\t\t\t\tDoonorip\u00e4ev &#8211; me tegime seda taas!\t\t\t<\/a>\n\t\t<\/h3>\n\t\t\t\t<div class=\"elementor-post__excerpt\">\n\t\t\t<p>2015.\u00a0aastal Tartu \u00dclikooli geograafiatudengite algatatud doonorlus\u00fcritus toimus taas kord kolmap\u00e4eval, 7. detsembril 2016 &#8211; seekord nime all &#8220;LOT\u00c4kas on elup\u00e4\u00e4stja!&#8220;. Eelmise aasta ettev\u00f5tmisega v\u00f5rdluses oli<\/p>\n\t\t<\/div>\n\t\t\n\t\t<a class=\"elementor-post__read-more\" href=\"https:\/\/egea.ee\/wordpress\/doonoripaev-me-tegime-seda-taas\/\" aria-label=\"Read more about Doonorip\u00e4ev &#8211; me tegime seda taas!\" tabindex=\"-1\" >\n\t\t\tLoe rohkem \u00bb\t\t<\/a>\n\n\t\t\t\t<\/div>\n\t\t\t\t<div class=\"elementor-post__meta-data\">\n\t\t\t\t\t<span class=\"elementor-post-date\">\n\t\t\t09.12.16\t\t<\/span>\n\t\t\t\t<span class=\"elementor-post-avatar\">\n\t\t\tKommentaare pole\t\t<\/span>\n\t\t\t\t<\/div>\n\t\t\t\t\t<\/div>\n\t\t<\/article>\n\t\t\t\t<article class=\"elementor-post elementor-grid-item post-1265 post type-post status-publish format-standard hentry category-maaratlemata\">\n\t\t\t<div class=\"elementor-post__card\">\n\t\t\t\t<div class=\"elementor-post__text\">\n\t\t\t\t<h3 class=\"elementor-post__title\">\n\t\t\t<a href=\"https:\/\/egea.ee\/wordpress\/egea-tartu-malumanguohtu\/\" >\n\t\t\t\tEGEA-Tartu m\u00e4lum\u00e4ngu\u00f5htu\t\t\t<\/a>\n\t\t<\/h3>\n\t\t\t\t<div class=\"elementor-post__excerpt\">\n\t\t\t<p>Neljap\u00e4eval, 24. novembri \u00f5htul toimus\u00a0selle \u00f5ppeaasta esimene EGEA-Tartu m\u00e4lum\u00e4ngu\u00f5htu. Vaatamata sellele, et tegu oli v\u00f5istlusega, valitses\u00a0kohviruumis s\u00f5bralik\u00a0\u00f5hkkond. Registreerus viis v\u00f5istkonda \u2013 A2, \u00dcmmargune O, Couscous,<\/p>\n\t\t<\/div>\n\t\t\n\t\t<a class=\"elementor-post__read-more\" href=\"https:\/\/egea.ee\/wordpress\/egea-tartu-malumanguohtu\/\" aria-label=\"Read more about EGEA-Tartu m\u00e4lum\u00e4ngu\u00f5htu\" tabindex=\"-1\" >\n\t\t\tLoe rohkem \u00bb\t\t<\/a>\n\n\t\t\t\t<\/div>\n\t\t\t\t<div class=\"elementor-post__meta-data\">\n\t\t\t\t\t<span class=\"elementor-post-date\">\n\t\t\t26.11.16\t\t<\/span>\n\t\t\t\t<span class=\"elementor-post-avatar\">\n\t\t\tKommentaare pole\t\t<\/span>\n\t\t\t\t<\/div>\n\t\t\t\t\t<\/div>\n\t\t<\/article>\n\t\t\t\t<article class=\"elementor-post elementor-grid-item post-1264 post type-post status-publish format-standard hentry category-maaratlemata\">\n\t\t\t<div class=\"elementor-post__card\">\n\t\t\t\t<div class=\"elementor-post__text\">\n\t\t\t\t<h3 class=\"elementor-post__title\">\n\t\t\t<a href=\"https:\/\/egea.ee\/wordpress\/teistmoodi-reisiklubi\/\" >\n\t\t\t\tTeistmoodi reisiklubi\t\t\t<\/a>\n\t\t<\/h3>\n\t\t\t\t<div class=\"elementor-post__excerpt\">\n\t\t\t<p>Kolmap\u00e4eval, 16. novembril toimus geograafian\u00e4dala raames reisiklubi eri\u00fcritus, kus oli esinejaks endine bioloogia-geograafia teaduskonna \u00fcli\u00f5pilane Kalju Eit. Oleme t\u00e4nulikud, et jutustusi 80-90ndate matkakultuurist tulid kuulama<\/p>\n\t\t<\/div>\n\t\t\n\t\t<a class=\"elementor-post__read-more\" href=\"https:\/\/egea.ee\/wordpress\/teistmoodi-reisiklubi\/\" aria-label=\"Read more about Teistmoodi reisiklubi\" tabindex=\"-1\" >\n\t\t\tLoe rohkem \u00bb\t\t<\/a>\n\n\t\t\t\t<\/div>\n\t\t\t\t<div class=\"elementor-post__meta-data\">\n\t\t\t\t\t<span class=\"elementor-post-date\">\n\t\t\t19.11.16\t\t<\/span>\n\t\t\t\t<span class=\"elementor-post-avatar\">\n\t\t\tKommentaare pole\t\t<\/span>\n\t\t\t\t<\/div>\n\t\t\t\t\t<\/div>\n\t\t<\/article>\n\t\t\t\t<\/div>\n\t\t\t\t\t<span class=\"e-load-more-spinner\">\n\t\t\t\t<i aria-hidden=\"true\" class=\"fas fa-spinner\"><\/i>\t\t\t<\/span>\n\t\t\n\t\t\t\t<div class=\"e-load-more-anchor\" data-page=\"1\" data-max-page=\"2\" data-next-page=\"https:\/\/egea.ee\/wordpress\/wp-json\/wp\/v2\/pages\/14\/page\/2\/\"><\/div>\n\t\t\t\t<div class=\"e-load-more-message\"><\/div>\n\t\t\t\t<\/div>\n\t\t\t\t<\/div>\n\t\t\t\t\t<\/div>\n\t\t<\/div>\n\t\t\t\t\t<\/div>\n\t\t<\/section>\n\t\t\t\t<section class=\"elementor-section elementor-top-section elementor-element elementor-element-93abfae elementor-section-boxed elementor-section-height-default elementor-section-height-default\" data-id=\"93abfae\" data-element_type=\"section\">\n\t\t\t\t\t\t<div class=\"elementor-container elementor-column-gap-default\">\n\t\t\t\t\t<div class=\"elementor-column elementor-col-100 elementor-top-column elementor-element elementor-element-27be6b3\" data-id=\"27be6b3\" data-element_type=\"column\">\n\t\t\t<div class=\"elementor-widget-wrap elementor-element-populated\">\n\t\t\t\t\t\t<div class=\"elementor-element elementor-element-e093a3b elementor-widget elementor-widget-spacer\" data-id=\"e093a3b\" data-element_type=\"widget\" data-widget_type=\"spacer.default\">\n\t\t\t\t<div class=\"elementor-widget-container\">\n\t\t\t<style>\/*! elementor - v3.23.0 - 05-08-2024 *\/\n.elementor-column .elementor-spacer-inner{height:var(--spacer-size)}.e-con{--container-widget-width:100%}.e-con-inner>.elementor-widget-spacer,.e-con>.elementor-widget-spacer{width:var(--container-widget-width,var(--spacer-size));--align-self:var(--container-widget-align-self,initial);--flex-shrink:0}.e-con-inner>.elementor-widget-spacer>.elementor-widget-container,.e-con>.elementor-widget-spacer>.elementor-widget-container{height:100%;width:100%}.e-con-inner>.elementor-widget-spacer>.elementor-widget-container>.elementor-spacer,.e-con>.elementor-widget-spacer>.elementor-widget-container>.elementor-spacer{height:100%}.e-con-inner>.elementor-widget-spacer>.elementor-widget-container>.elementor-spacer>.elementor-spacer-inner,.e-con>.elementor-widget-spacer>.elementor-widget-container>.elementor-spacer>.elementor-spacer-inner{height:var(--container-widget-height,var(--spacer-size))}.e-con-inner>.elementor-widget-spacer.elementor-widget-empty,.e-con>.elementor-widget-spacer.elementor-widget-empty{position:relative;min-height:22px;min-width:22px}.e-con-inner>.elementor-widget-spacer.elementor-widget-empty .elementor-widget-empty-icon,.e-con>.elementor-widget-spacer.elementor-widget-empty .elementor-widget-empty-icon{position:absolute;top:0;bottom:0;left:0;right:0;margin:auto;padding:0;width:22px;height:22px}<\/style>\t\t<div class=\"elementor-spacer\">\n\t\t\t<div class=\"elementor-spacer-inner\"><\/div>\n\t\t<\/div>\n\t\t\t\t<\/div>\n\t\t\t\t<\/div>\n\t\t\t\t\t<\/div>\n\t\t<\/div>\n\t\t\t\t\t<\/div>\n\t\t<\/section>\n\t\t\t\t<\/div>\n\t\t","protected":false},"excerpt":{"rendered":"<p>Uudised ja blogi<\/p>\n","protected":false},"author":2,"featured_media":0,"parent":0,"menu_order":0,"comment_status":"closed","ping_status":"closed","template":"","meta":{"site-sidebar-layout":"no-sidebar","site-content-layout":"page-builder","ast-site-content-layout":"","site-content-style":"default","site-sidebar-style":"default","ast-global-header-display":"","ast-banner-title-visibility":"","ast-main-header-display":"","ast-hfb-above-header-display":"","ast-hfb-below-header-display":"","ast-hfb-mobile-header-display":"","site-post-title":"disabled","ast-breadcrumbs-content":"","ast-featured-img":"disabled","footer-sml-layout":"","theme-transparent-header-meta":"default","adv-header-id-meta":"","stick-header-meta":"","header-above-stick-meta":"","header-main-stick-meta":"","header-below-stick-meta":"","astra-migrate-meta-layouts":"default","ast-page-background-enabled":"default","ast-page-background-meta":{"desktop":{"background-color":"var(--ast-global-color-4)","background-image":"","background-repeat":"repeat","background-position":"center center","background-size":"auto","background-attachment":"scroll","background-type":"","background-media":"","overlay-type":"","overlay-color":"","overlay-opacity":"","overlay-gradient":""},"tablet":{"background-color":"","background-image":"","background-repeat":"repeat","background-position":"center center","background-size":"auto","background-attachment":"scroll","background-type":"","background-media":"","overlay-type":"","overlay-color":"","overlay-opacity":"","overlay-gradient":""},"mobile":{"background-color":"","background-image":"","background-repeat":"repeat","background-position":"center center","background-size":"auto","background-attachment":"scroll","background-type":"","background-media":"","overlay-type":"","overlay-color":"","overlay-opacity":"","overlay-gradient":""}},"ast-content-background-meta":{"desktop":{"background-color":"var(--ast-global-color-5)","background-image":"","background-repeat":"repeat","background-position":"center center","background-size":"auto","background-attachment":"scroll","background-type":"","background-media":"","overlay-type":"","overlay-color":"","overlay-opacity":"","overlay-gradient":""},"tablet":{"background-color":"var(--ast-global-color-5)","background-image":"","background-repeat":"repeat","background-position":"center center","background-size":"auto","background-attachment":"scroll","background-type":"","background-media":"","overlay-type":"","overlay-color":"","overlay-opacity":"","overlay-gradient":""},"mobile":{"background-color":"var(--ast-global-color-5)","background-image":"","background-repeat":"repeat","background-position":"center center","background-size":"auto","background-attachment":"scroll","background-type":"","background-media":"","overlay-type":"","overlay-color":"","overlay-opacity":"","overlay-gradient":""}},"footnotes":""},"class_list":["post-14","page","type-page","status-publish","hentry"],"_links":{"self":[{"href":"https:\/\/egea.ee\/wordpress\/wp-json\/wp\/v2\/pages\/14","targetHints":{"allow":["GET"]}}],"collection":[{"href":"https:\/\/egea.ee\/wordpress\/wp-json\/wp\/v2\/pages"}],"about":[{"href":"https:\/\/egea.ee\/wordpress\/wp-json\/wp\/v2\/types\/page"}],"author":[{"embeddable":true,"href":"https:\/\/egea.ee\/wordpress\/wp-json\/wp\/v2\/users\/2"}],"replies":[{"embeddable":true,"href":"https:\/\/egea.ee\/wordpress\/wp-json\/wp\/v2\/comments?post=14"}],"version-history":[{"count":63,"href":"https:\/\/egea.ee\/wordpress\/wp-json\/wp\/v2\/pages\/14\/revisions"}],"predecessor-version":[{"id":4357,"href":"https:\/\/egea.ee\/wordpress\/wp-json\/wp\/v2\/pages\/14\/revisions\/4357"}],"wp:attachment":[{"href":"https:\/\/egea.ee\/wordpress\/wp-json\/wp\/v2\/media?parent=14"}],"curies":[{"name":"wp","href":"https:\/\/api.w.org\/{rel}","templated":true}]}}